{"id":1441,"date":"2026-03-07T10:09:50","date_gmt":"2026-03-07T09:09:50","guid":{"rendered":"https:\/\/imagesontourne.com\/?page_id=1441"},"modified":"2026-03-07T10:24:39","modified_gmt":"2026-03-07T09:24:39","slug":"lille-art-up-2025","status":"publish","type":"page","link":"https:\/\/imagesontourne.com\/index.php\/lille-art-up-2025\/","title":{"rendered":"Lille Art Up! 2025"},"content":{"rendered":"\t\t<div data-elementor-type=\"wp-page\" data-elementor-id=\"1441\" class=\"elementor elementor-1441\">\n\t\t\t\t<div class=\"elementor-element elementor-element-60d7598 e-flex e-con-boxed e-con e-parent\" data-id=\"60d7598\" data-element_type=\"container\" data-e-type=\"container\" data-settings=\"{&quot;background_background&quot;:&quot;video&quot;}\">\n\t\t\t\t\t<div class=\"e-con-inner\">\n\t\t\t\t<div class=\"elementor-element elementor-element-7494481 elementor-widget elementor-widget-image\" data-id=\"7494481\" data-element_type=\"widget\" data-e-type=\"widget\" data-widget_type=\"image.default\">\n\t\t\t\t<div class=\"elementor-widget-container\">\n\t\t\t\t\t\t\t\t\t\t\t\t\t\t\t<img decoding=\"async\" src=\"https:\/\/imagesontourne.com\/wp-content\/uploads\/elementor\/thumbs\/LilleArtUp-2025-rk5gvh30j1xxw0io1ekvk0hyvc28dt28whk5hnff50.jpg\" title=\"LilleArtUp-2025\" alt=\"Lille Art Up 2025!\" loading=\"lazy\" \/>\t\t\t\t\t\t\t\t\t\t\t\t\t\t\t<\/div>\n\t\t\t\t<\/div>\n\t\t\t\t<div class=\"elementor-element elementor-element-0241d48 elementor-widget elementor-widget-spacer\" data-id=\"0241d48\" data-element_type=\"widget\" data-e-type=\"widget\" data-widget_type=\"spacer.default\">\n\t\t\t\t<div class=\"elementor-widget-container\">\n\t\t\t\t\t\t\t<div class=\"elementor-spacer\">\n\t\t\t<div class=\"elementor-spacer-inner\"><\/div>\n\t\t<\/div>\n\t\t\t\t\t\t<\/div>\n\t\t\t\t<\/div>\n\t\t\t\t\t<\/div>\n\t\t\t\t<\/div>\n\t\t<div class=\"elementor-element elementor-element-148d52b e-flex e-con-boxed e-con e-parent\" data-id=\"148d52b\" data-element_type=\"container\" data-e-type=\"container\" data-settings=\"{&quot;background_background&quot;:&quot;video&quot;,&quot;background_video_link&quot;:&quot;https:\\\/\\\/youtu.be\\\/_m4DD0aMM2o?si=5VPujifJJ4hLwUX2&quot;,&quot;background_video_start&quot;:20,&quot;background_video_end&quot;:500,&quot;background_play_on_mobile&quot;:&quot;yes&quot;}\">\n\t\t\t\t\t<div class=\"e-con-inner\">\n\t\t<div class=\"elementor-background-video-container\">\n\t\t\t\t\t\t\t<div class=\"elementor-background-video-embed\" role=\"presentation\"><\/div>\n\t\t\t\t\t\t<\/div>\t\t<div class=\"elementor-element elementor-element-8d47f54 elementor-widget elementor-widget-spacer\" data-id=\"8d47f54\" data-element_type=\"widget\" data-e-type=\"widget\" data-widget_type=\"spacer.default\">\n\t\t\t\t<div class=\"elementor-widget-container\">\n\t\t\t\t\t\t\t<div class=\"elementor-spacer\">\n\t\t\t<div class=\"elementor-spacer-inner\"><\/div>\n\t\t<\/div>\n\t\t\t\t\t\t<\/div>\n\t\t\t\t<\/div>\n\t\t\t\t<div class=\"elementor-element elementor-element-b7178ff elementor-widget elementor-widget-heading\" data-id=\"b7178ff\" data-element_type=\"widget\" data-e-type=\"widget\" data-widget_type=\"heading.default\">\n\t\t\t\t<div class=\"elementor-widget-container\">\n\t\t\t\t\t<h2 class=\"elementor-heading-title elementor-size-default\">Lille ART UP! 2025 - Foire d'Art Comporain<\/h2>\t\t\t\t<\/div>\n\t\t\t\t<\/div>\n\t\t\t\t<div class=\"elementor-element elementor-element-e72e40c elementor-widget elementor-widget-spacer\" data-id=\"e72e40c\" data-element_type=\"widget\" data-e-type=\"widget\" data-widget_type=\"spacer.default\">\n\t\t\t\t<div class=\"elementor-widget-container\">\n\t\t\t\t\t\t\t<div class=\"elementor-spacer\">\n\t\t\t<div class=\"elementor-spacer-inner\"><\/div>\n\t\t<\/div>\n\t\t\t\t\t\t<\/div>\n\t\t\t\t<\/div>\n\t\t\t\t<div class=\"elementor-element elementor-element-c180029 elementor-widget elementor-widget-text-editor\" data-id=\"c180029\" data-element_type=\"widget\" data-e-type=\"widget\" data-widget_type=\"text-editor.default\">\n\t\t\t\t<div class=\"elementor-widget-container\">\n\t\t\t\t\t\t\t\t\t<p>\u00a0Lille Art Up! 2025 | Le monde en mutation<\/p><p>Pour son \u00e9dition 2025, Lille Art Up! interroge les transformations du monde contemporain : mutations sociales, \u00e9cologiques et technologiques.<\/p><p>Les interviews donnent acc\u00e8s aux regards d\u2019artistes et de galeristes internationaux, qui explorent ces changements \u00e0 travers leurs \u0153uvres.<\/p><p>Entre \u00e9changes, d\u00e9couvertes et immersion dans le salon, ces images t\u00e9moignent de la mani\u00e8re dont l\u2019art contemporain capte et interpr\u00e8te les \u00e9volutions de notre \u00e9poque.<\/p>\t\t\t\t\t\t\t\t<\/div>\n\t\t\t\t<\/div>\n\t\t\t\t\t<\/div>\n\t\t\t\t<\/div>\n\t\t<div class=\"elementor-element elementor-element-655d242 e-flex e-con-boxed e-con e-parent\" data-id=\"655d242\" data-element_type=\"container\" data-e-type=\"container\">\n\t\t\t\t\t<div class=\"e-con-inner\">\n\t\t\t\t<div class=\"elementor-element elementor-element-4779a36 elementor-widget elementor-widget-spacer\" data-id=\"4779a36\" data-element_type=\"widget\" data-e-type=\"widget\" data-widget_type=\"spacer.default\">\n\t\t\t\t<div class=\"elementor-widget-container\">\n\t\t\t\t\t\t\t<div class=\"elementor-spacer\">\n\t\t\t<div class=\"elementor-spacer-inner\"><\/div>\n\t\t<\/div>\n\t\t\t\t\t\t<\/div>\n\t\t\t\t<\/div>\n\t\t\t\t<div class=\"elementor-element elementor-element-6cccc44 elementor-widget elementor-widget-heading\" data-id=\"6cccc44\" data-element_type=\"widget\" data-e-type=\"widget\" data-widget_type=\"heading.default\">\n\t\t\t\t<div class=\"elementor-widget-container\">\n\t\t\t\t\t<h3 class=\"elementor-heading-title elementor-size-default\">Interviews et rencontres Lille Art Up! 2025<\/h3>\t\t\t\t<\/div>\n\t\t\t\t<\/div>\n\t\t\t\t<div class=\"elementor-element elementor-element-bfa4158 elementor-widget elementor-widget-spacer\" data-id=\"bfa4158\" data-element_type=\"widget\" data-e-type=\"widget\" data-widget_type=\"spacer.default\">\n\t\t\t\t<div class=\"elementor-widget-container\">\n\t\t\t\t\t\t\t<div class=\"elementor-spacer\">\n\t\t\t<div class=\"elementor-spacer-inner\"><\/div>\n\t\t<\/div>\n\t\t\t\t\t\t<\/div>\n\t\t\t\t<\/div>\n\t\t\t\t<div class=\"elementor-element elementor-element-11ba610 elementor-widget elementor-widget-yprm_blog\" data-id=\"11ba610\" data-element_type=\"widget\" data-e-type=\"widget\" data-settings=\"{&quot;type&quot;:&quot;grid&quot;}\" data-widget_type=\"yprm_blog.default\">\n\t\t\t\t<div class=\"elementor-widget-container\">\n\t\t\t\t\t\r\n\t\t<div class=\"blog-block elementor-block\">\r\n\t\t\t\t\t<div class=\"filter-button-group tac\">\r\n\t\t\t<div class=\"wrap\">\r\n\t\t\t\t<button class=\"active\" data-filter=\"*\">\r\n\t\t\t\t\t<span>All<\/span>\r\n\t\t\t\t<\/button>\r\n\t\t\t\t\t\t\t\t\t<button data-filter=\".category-19\">\r\n\t\t\t\t\t\t<span>Avant premi\u00e8res<\/span>\r\n\t\t\t\t\t<\/button>\r\n\t\t\t\t\t\t\t\t\t<button data-filter=\".category-47\">\r\n\t\t\t\t\t\t<span>Lille Art Up! 2024<\/span>\r\n\t\t\t\t\t<\/button>\r\n\t\t\t\t\t\t\t<\/div>\r\n\t\t<\/div>\r\n\t\t\t\t\t<div class=\"isotope row blog-type-grid load-wrap blog-items\">\r\n        <div class=\"grid-sizer col-1\"><\/div>\r\n\t\t\t\t\r\n\t\t<article class=\"blog-item istp-item col with-image category-19\">\r\n\t\t\t<div class=\"wrap\">\r\n\t\t\t\t\t\t\t\t\t<div class=\"img\" data-original=\"https:\/\/imagesontourne.com\/wp-content\/uploads\/2024\/03\/LA-NOUVELLE-FEMME-Youtube.jpg\">\r\n\t\t\t\t\t\t\t\t<a href=\"https:\/\/imagesontourne.com\/index.php\/2024\/03\/30\/avant-premiere-la-nouvelle-femme-en-presence-de-lea-todorov-scenariste-et-realisatrice-le-metropole-ugc-lille\/\" style=\"background-image: url(https:\/\/imagesontourne.com\/wp-content\/uploads\/2024\/03\/LA-NOUVELLE-FEMME-Youtube-1024x576.jpg)\"><\/a>\r\n\t\t\t<\/div>\r\n\t\t\t\t\t\t\t\t<div class=\"content\">\r\n\t\t\t\t\t\t\t\t\t\t\t\t<h5>\r\n\t\t\t<a class=\"title\" href=\"https:\/\/imagesontourne.com\/index.php\/2024\/03\/30\/avant-premiere-la-nouvelle-femme-en-presence-de-lea-todorov-scenariste-et-realisatrice-le-metropole-ugc-lille\/\">Avant-premi\u00e8re \u00ab LA NOUVELLE FEMME\u00bb en pr\u00e9sence de L\u00e9a Todorov , sc\u00e9nariste et r\u00e9alisatrice, Le M\u00e9tropole UGC Lille\u200b<\/a>\r\n\t\t<\/h5>\r\n\t\t\t\t\t\t\t\t\t\t\t\t\t\t\t<div class=\"date\">30 mars 2024<\/div>\r\n\t\t\t\t\t\t\t\t\t\t\t\t\t\t\t\t\t\t\t<a href=\"https:\/\/imagesontourne.com\/index.php\/2024\/03\/30\/avant-premiere-la-nouvelle-femme-en-presence-de-lea-todorov-scenariste-et-realisatrice-le-metropole-ugc-lille\/\" class=\"button-style2\">\r\n\t\t\tRead More\t\t<\/a>\r\n\t\t\t\t\t\t<\/div>\r\n        <div class=\"clear\"><\/div>\r\n        \t\t<div class=\"bottom\">\r\n\t\t\t\t\t\t\t<div class=\"col\">\r\n\t\t\t\t\t<a href=\"#\" class=\"zilla-likes\" id=\"zilla-likes-1402\" title=\"Like this\" data-postfix=\" like\"><i class=\"multimedia-icon-heart\"><\/i> <span>1 like<\/span><\/a>\t\t\t\t<\/div>\r\n\t\t\t\t\t\t\t\t\t\t<div class=\"col\">\r\n\t\t\t\t\t<i class=\"multimedia-icon-speech-bubble-1\"><\/i>\r\n\t\t\t\t\t<a href=\"https:\/\/imagesontourne.com\/index.php\/2024\/03\/30\/avant-premiere-la-nouvelle-femme-en-presence-de-lea-todorov-scenariste-et-realisatrice-le-metropole-ugc-lille\/#comments\">Aucun commentaire<\/a>\r\n\t\t\t\t<\/div>\r\n\t\t\t\t\t<\/div>\r\n\t\t\t\t\t<\/div>\r\n\t\t<\/article>\r\n\t\t\r\n\t\t<article class=\"blog-item istp-item col with-image category-47\">\r\n\t\t\t<div class=\"wrap\">\r\n\t\t\t\t\t\t\t\t\t<div class=\"img\" data-original=\"https:\/\/imagesontourne.com\/wp-content\/uploads\/2024\/02\/Shuya-Zhu-Artiste_1.8.1Youtube.jpg\">\r\n\t\t\t\t\t\t\t\t<a href=\"https:\/\/imagesontourne.com\/index.php\/2024\/02\/23\/shuya-zhu-revelation-by-art-up-2024\/\" style=\"background-image: url(https:\/\/imagesontourne.com\/wp-content\/uploads\/2024\/02\/Shuya-Zhu-Artiste_1.8.1Youtube-1024x576.jpg)\"><\/a>\r\n\t\t\t<\/div>\r\n\t\t\t\t\t\t\t\t<div class=\"content\">\r\n\t\t\t\t\t\t\t\t\t\t\t\t<h5>\r\n\t\t\t<a class=\"title\" href=\"https:\/\/imagesontourne.com\/index.php\/2024\/02\/23\/shuya-zhu-revelation-by-art-up-2024\/\">Shuya Zhu, R\u00e9v\u00e9lation by Art Up ! 2024<\/a>\r\n\t\t<\/h5>\r\n\t\t\t\t\t\t\t\t\t\t\t\t\t\t\t<div class=\"date\">23 f\u00e9vrier 2024<\/div>\r\n\t\t\t\t\t\t\t\t\t\t\t\t\t\t\t\t\t\t\t<a href=\"https:\/\/imagesontourne.com\/index.php\/2024\/02\/23\/shuya-zhu-revelation-by-art-up-2024\/\" class=\"button-style2\">\r\n\t\t\tRead More\t\t<\/a>\r\n\t\t\t\t\t\t<\/div>\r\n        <div class=\"clear\"><\/div>\r\n        \t\t<div class=\"bottom\">\r\n\t\t\t\t\t\t\t<div class=\"col\">\r\n\t\t\t\t\t<a href=\"#\" class=\"zilla-likes\" id=\"zilla-likes-1364\" title=\"Like this\" data-postfix=\" like\"><i class=\"multimedia-icon-heart\"><\/i> <span>1 like<\/span><\/a>\t\t\t\t<\/div>\r\n\t\t\t\t\t\t\t\t\t\t<div class=\"col\">\r\n\t\t\t\t\t<i class=\"multimedia-icon-speech-bubble-1\"><\/i>\r\n\t\t\t\t\t<a href=\"https:\/\/imagesontourne.com\/index.php\/2024\/02\/23\/shuya-zhu-revelation-by-art-up-2024\/#comments\">Aucun commentaire<\/a>\r\n\t\t\t\t<\/div>\r\n\t\t\t\t\t<\/div>\r\n\t\t\t\t\t<\/div>\r\n\t\t<\/article>\r\n\t\t\r\n\t\t<article class=\"blog-item istp-item col with-image category-47\">\r\n\t\t\t<div class=\"wrap\">\r\n\t\t\t\t\t\t\t\t\t<div class=\"img\" data-original=\"https:\/\/imagesontourne.com\/wp-content\/uploads\/2024\/02\/Soiree-inaugurale-Lille-Art-Up-IOT-2024.jpg\">\r\n\t\t\t\t\t\t\t\t<a href=\"https:\/\/imagesontourne.com\/index.php\/2024\/02\/11\/soiree-inaugurale-lille-art-up-2024\/\" style=\"background-image: url(https:\/\/imagesontourne.com\/wp-content\/uploads\/2024\/02\/Soiree-inaugurale-Lille-Art-Up-IOT-2024-1024x576.jpg)\"><\/a>\r\n\t\t\t<\/div>\r\n\t\t\t\t\t\t\t\t<div class=\"content\">\r\n\t\t\t\t\t\t\t\t\t\t\t\t<h5>\r\n\t\t\t<a class=\"title\" href=\"https:\/\/imagesontourne.com\/index.php\/2024\/02\/11\/soiree-inaugurale-lille-art-up-2024\/\">Soir\u00e9e inaugurale - Lille Art Up! 2024<\/a>\r\n\t\t<\/h5>\r\n\t\t\t\t\t\t\t\t\t\t\t\t\t\t\t<div class=\"date\">11 f\u00e9vrier 2024<\/div>\r\n\t\t\t\t\t\t\t\t\t\t\t\t\t\t\t\t\t\t\t<a href=\"https:\/\/imagesontourne.com\/index.php\/2024\/02\/11\/soiree-inaugurale-lille-art-up-2024\/\" class=\"button-style2\">\r\n\t\t\tRead More\t\t<\/a>\r\n\t\t\t\t\t\t<\/div>\r\n        <div class=\"clear\"><\/div>\r\n        \t\t<div class=\"bottom\">\r\n\t\t\t\t\t\t\t<div class=\"col\">\r\n\t\t\t\t\t<a href=\"#\" class=\"zilla-likes\" id=\"zilla-likes-1243\" title=\"Like this\" data-postfix=\" like\"><i class=\"multimedia-icon-heart\"><\/i> <span>1 like<\/span><\/a>\t\t\t\t<\/div>\r\n\t\t\t\t\t\t\t\t\t\t<div class=\"col\">\r\n\t\t\t\t\t<i class=\"multimedia-icon-speech-bubble-1\"><\/i>\r\n\t\t\t\t\t<a href=\"https:\/\/imagesontourne.com\/index.php\/2024\/02\/11\/soiree-inaugurale-lille-art-up-2024\/#comments\">Aucun commentaire<\/a>\r\n\t\t\t\t<\/div>\r\n\t\t\t\t\t<\/div>\r\n\t\t\t\t\t<\/div>\r\n\t\t<\/article>\r\n\t\t\t\t\t<\/div>\r\n\t\t\t<div class=\"pagination\"><ul class='page-numbers'>\n\t<li><span aria-label=\"Page 1\" aria-current=\"page\" class=\"page-numbers current\">1<\/span><\/li>\n\t<li><a aria-label=\"Page 2\" class=\"page-numbers\" href=\"https:\/\/imagesontourne.com\/index.php\/wp-json\/wp\/v2\/pages\/1441\/page\/2\/\">2<\/a><\/li>\n\t<li><a aria-label=\"Page 3\" class=\"page-numbers\" href=\"https:\/\/imagesontourne.com\/index.php\/wp-json\/wp\/v2\/pages\/1441\/page\/3\/\">3<\/a><\/li>\n\t<li><a aria-label=\"Page 4\" class=\"page-numbers\" href=\"https:\/\/imagesontourne.com\/index.php\/wp-json\/wp\/v2\/pages\/1441\/page\/4\/\">4<\/a><\/li>\n\t<li><a aria-label=\"Page 5\" class=\"page-numbers\" href=\"https:\/\/imagesontourne.com\/index.php\/wp-json\/wp\/v2\/pages\/1441\/page\/5\/\">5<\/a><\/li>\n\t<li><a aria-label=\"Page 6\" class=\"page-numbers\" href=\"https:\/\/imagesontourne.com\/index.php\/wp-json\/wp\/v2\/pages\/1441\/page\/6\/\">6<\/a><\/li>\n\t<li><span class=\"page-numbers dots\">\u2026<\/span><\/li>\n\t<li><a aria-label=\"Page 12\" class=\"page-numbers\" href=\"https:\/\/imagesontourne.com\/index.php\/wp-json\/wp\/v2\/pages\/1441\/page\/12\/\">12<\/a><\/li>\n\t<li><a class=\"next page-numbers\" href=\"https:\/\/imagesontourne.com\/index.php\/wp-json\/wp\/v2\/pages\/1441\/page\/2\/\"><i class=\"base-icon-next-1\"><\/i><\/a><\/li>\n<\/ul>\n<\/div>\t\t<\/div>\r\n\r\n    \t\t\t\t<\/div>\n\t\t\t\t<\/div>\n\t\t\t\t\t<\/div>\n\t\t\t\t<\/div>\n\t\t\t\t<\/div>\n\t\t","protected":false},"excerpt":{"rendered":"<p>Lille ART UP! 2025 &#8211; Foire d&#8217;Art Comporain \u00a0Lille Art Up! 2025 | Le monde en mutation Pour son \u00e9dition 2025, Lille Art Up! interroge les transformations du monde contemporain : mutations sociales, \u00e9cologiques et technologiques. Les interviews donnent acc\u00e8s aux regards d\u2019artistes et de galeristes internationaux, qui explorent ces changements \u00e0 travers leurs \u0153uvres. [&hellip;]<\/p>\n","protected":false},"author":1,"featured_media":1447,"parent":0,"menu_order":0,"comment_status":"open","ping_status":"closed","template":"elementor_header_footer","meta":{"_acf_changed":false,"om_disable_all_campaigns":false,"_monsterinsights_skip_tracking":false,"_monsterinsights_sitenote_active":false,"_monsterinsights_sitenote_note":"","_monsterinsights_sitenote_category":0,"_uf_show_specific_survey":0,"_uf_disable_surveys":false,"footnotes":""},"class_list":["post-1441","page","type-page","status-publish","has-post-thumbnail","hentry"],"acf":[],"aioseo_notices":[],"_links":{"self":[{"href":"https:\/\/imagesontourne.com\/index.php\/wp-json\/wp\/v2\/pages\/1441","targetHints":{"allow":["GET"]}}],"collection":[{"href":"https:\/\/imagesontourne.com\/index.php\/wp-json\/wp\/v2\/pages"}],"about":[{"href":"https:\/\/imagesontourne.com\/index.php\/wp-json\/wp\/v2\/types\/page"}],"author":[{"embeddable":true,"href":"https:\/\/imagesontourne.com\/index.php\/wp-json\/wp\/v2\/users\/1"}],"replies":[{"embeddable":true,"href":"https:\/\/imagesontourne.com\/index.php\/wp-json\/wp\/v2\/comments?post=1441"}],"version-history":[{"count":7,"href":"https:\/\/imagesontourne.com\/index.php\/wp-json\/wp\/v2\/pages\/1441\/revisions"}],"predecessor-version":[{"id":1450,"href":"https:\/\/imagesontourne.com\/index.php\/wp-json\/wp\/v2\/pages\/1441\/revisions\/1450"}],"wp:featuredmedia":[{"embeddable":true,"href":"https:\/\/imagesontourne.com\/index.php\/wp-json\/wp\/v2\/media\/1447"}],"wp:attachment":[{"href":"https:\/\/imagesontourne.com\/index.php\/wp-json\/wp\/v2\/media?parent=1441"}],"curies":[{"name":"wp","href":"https:\/\/api.w.org\/{rel}","templated":true}]}}