{"id":232,"date":"2023-08-05T08:33:47","date_gmt":"2023-08-05T06:33:47","guid":{"rendered":"https:\/\/imagesontourne.com\/?page_id=232"},"modified":"2023-09-16T08:43:02","modified_gmt":"2023-09-16T06:43:02","slug":"long-metrage","status":"publish","type":"page","link":"https:\/\/imagesontourne.com\/index.php\/long-metrage\/","title":{"rendered":"Long m\u00e9trage"},"content":{"rendered":"\t\t<div data-elementor-type=\"wp-page\" data-elementor-id=\"232\" class=\"elementor elementor-232\">\n\t\t\t\t<div class=\"elementor-element elementor-element-60d7598 e-flex e-con-boxed e-con e-parent\" data-id=\"60d7598\" data-element_type=\"container\" data-e-type=\"container\" data-settings=\"{&quot;background_background&quot;:&quot;video&quot;}\">\n\t\t\t\t\t<div class=\"e-con-inner\">\n\t\t\t\t<div class=\"elementor-element elementor-element-7494481 elementor-widget elementor-widget-image\" data-id=\"7494481\" data-element_type=\"widget\" data-e-type=\"widget\" data-widget_type=\"image.default\">\n\t\t\t\t<div class=\"elementor-widget-container\">\n\t\t\t\t\t\t\t\t\t\t\t\t\t\t\t<img decoding=\"async\" src=\"https:\/\/imagesontourne.com\/wp-content\/uploads\/elementor\/thumbs\/imagesenavant-elementor-IOT-qagcs8f5ywmeep5493z0z977ly40kkwmjfafsis0v8.jpg\" title=\"imagesenavant-elementor-IOT\" alt=\"Cat\u00e9gorie Long m\u00e9trage\" loading=\"lazy\" \/>\t\t\t\t\t\t\t\t\t\t\t\t\t\t\t<\/div>\n\t\t\t\t<\/div>\n\t\t\t\t<div class=\"elementor-element elementor-element-0241d48 elementor-widget elementor-widget-spacer\" data-id=\"0241d48\" data-element_type=\"widget\" data-e-type=\"widget\" data-widget_type=\"spacer.default\">\n\t\t\t\t<div class=\"elementor-widget-container\">\n\t\t\t\t\t\t\t<div class=\"elementor-spacer\">\n\t\t\t<div class=\"elementor-spacer-inner\"><\/div>\n\t\t<\/div>\n\t\t\t\t\t\t<\/div>\n\t\t\t\t<\/div>\n\t\t\t\t\t<\/div>\n\t\t\t\t<\/div>\n\t\t<div class=\"elementor-element elementor-element-148d52b e-flex e-con-boxed e-con e-parent\" data-id=\"148d52b\" data-element_type=\"container\" data-e-type=\"container\" data-settings=\"{&quot;background_background&quot;:&quot;video&quot;,&quot;background_video_link&quot;:&quot;https:\\\/\\\/vimeo.com\\\/849684768?share=copy&quot;,&quot;background_video_start&quot;:0,&quot;background_video_end&quot;:30,&quot;background_play_on_mobile&quot;:&quot;yes&quot;}\">\n\t\t\t\t\t<div class=\"e-con-inner\">\n\t\t<div class=\"elementor-background-video-container\">\n\t\t\t\t\t\t\t<div class=\"elementor-background-video-embed\" role=\"presentation\"><\/div>\n\t\t\t\t\t\t<\/div>\t\t<div class=\"elementor-element elementor-element-b7178ff elementor-widget elementor-widget-heading\" data-id=\"b7178ff\" data-element_type=\"widget\" data-e-type=\"widget\" data-widget_type=\"heading.default\">\n\t\t\t\t<div class=\"elementor-widget-container\">\n\t\t\t\t\t<h2 class=\"elementor-heading-title elementor-size-default\">Le long m\u00e9trage du moment pr\u00e9sent<\/h2>\t\t\t\t<\/div>\n\t\t\t\t<\/div>\n\t\t\t\t<div class=\"elementor-element elementor-element-c180029 elementor-widget elementor-widget-text-editor\" data-id=\"c180029\" data-element_type=\"widget\" data-e-type=\"widget\" data-widget_type=\"text-editor.default\">\n\t\t\t\t<div class=\"elementor-widget-container\">\n\t\t\t\t\t\t\t\t\t<p>A l&#8217;occasion de l&#8217;ouverture du site IMAGES ON TOURNE, je souhaitais mettre en avant l&#8217;une de mes premi\u00e8res interviews, pour le magazine OPENEYE, en janvier 2019, celle du photographe Uwe Ommer, r\u00e9alis\u00e9e en terrasse \u00e0 l&#8217;Institut du Monde Arabe de Paris, autour de caf\u00e9 et de p\u00e2tisseries.\u00a0<\/p><p>Nous arrivons tous les deux au rendez-vous, charg\u00e9s, moi, de mon mat\u00e9riel vid\u00e9o, lui, de ses nombreux ouvrages publi\u00e9s depuis les ann\u00e9es 70 et 80.<\/p><p>Mon pieds vid\u00e9o est excessivement lourd, et malgr\u00e9 le froid et la grisaille de ce mois de janvier, j&#8217;a l&#8217;impression d&#8217;\u00eatre en plein mois d&#8217;ao\u00fbt apr\u00e8s avoir install\u00e9 mon mat\u00e9riel.\u00a0Je ne dispose pas encore de micro-cravate, et il me faudra de longues heures en post-production, pour nettoyer le son de l&#8217;interview.\u00a0<\/p><p>Uwe Ommer dispose devant lui les ouvrages qu&#8217;il a apport\u00e9, tous parsem\u00e9s de tr\u00e8s nombreux post-it , signe que cette vid\u00e9o sera beaucoup plus qu&#8217;une interview, mais une rencontre avec un photographe passionn\u00e9 et passionnant, le r\u00e9cit d&#8217;une vie, qui prendra son temps. Je pr\u00e9viens le restaurant qui nous accueille et nous a r\u00e9serv\u00e9 un endroit \u00e0 l&#8217;\u00e9cart pour \u00e9viter le bruit des conversations des rares clients en cet apr\u00e8s-midi en semaine de janvier. Je me remercie d&#8217;avoir apport\u00e9 suffisamment de cartes m\u00e9moires, car il s&#8217;agit de ma deuxi\u00e8me interview vid\u00e9o en 4K et je ne sais pas combien de cartes me seront n\u00e9cessaires pour ces heures de r\u00e9cits, de discussion et de d\u00e9couverte des photographies d&#8217;Uwe Ommer !\u00a0<\/p><p>M\u00eame si j&#8217;ai pr\u00e9par\u00e9 \u00e0 fond cette interview en me plongeant dans la carri\u00e8re et l&#8217;\u0153uvre photographique de ce photographe d&#8217;origine allemande, arriv\u00e9 en France en 1963 \u00e0 l&#8217;\u00e2ge de 20 ans, j&#8217;ai un peu le trac. Dr\u00f4le de co\u00efncidence, moi qui pointe le bout de mon nez cette m\u00eame ann\u00e9e 1963, 20 ans nous s\u00e9parent et cette g\u00e9n\u00e9ration de diff\u00e9rence entre nous, d\u00e9voile une pratique de la photographie qui a en partie disparu et dont Uwe Ommer va en transmettre quelques moments et r\u00e9cits.\u00a0<\/p><p>Uwe Ommer f\u00eate ses 80 ans cette ann\u00e9e 2023 et 60 ans de cr\u00e9ation photographique !\u00a0<\/p>\t\t\t\t\t\t\t\t<\/div>\n\t\t\t\t<\/div>\n\t\t\t\t\t<\/div>\n\t\t\t\t<\/div>\n\t\t<div class=\"elementor-element elementor-element-655d242 e-flex e-con-boxed e-con e-parent\" data-id=\"655d242\" data-element_type=\"container\" data-e-type=\"container\">\n\t\t\t\t\t<div class=\"e-con-inner\">\n\t\t\t\t<div class=\"elementor-element elementor-element-fb72d22 elementor-widget elementor-widget-video\" data-id=\"fb72d22\" data-element_type=\"widget\" data-e-type=\"widget\" data-settings=\"{&quot;video_type&quot;:&quot;vimeo&quot;}\" data-widget_type=\"video.default\">\n\t\t\t\t<div class=\"elementor-widget-container\">\n\t\t\t\t\t\t\t<div class=\"elementor-wrapper elementor-open-inline\">\n\t\t\t<iframe class=\"elementor-video-iframe\" allowfullscreen allow=\"clipboard-write\" title=\"Lecteur vid\u00e9o vimeo\" src=\"https:\/\/player.vimeo.com\/video\/849684768?color&amp;autopause=0&amp;loop=0&amp;muted=0&amp;title=1&amp;portrait=1&amp;byline=1#t=\"><\/iframe>\t\t<\/div>\n\t\t\t\t\t\t<\/div>\n\t\t\t\t<\/div>\n\t\t\t\t<div class=\"elementor-element elementor-element-4779a36 elementor-widget elementor-widget-spacer\" data-id=\"4779a36\" data-element_type=\"widget\" data-e-type=\"widget\" data-widget_type=\"spacer.default\">\n\t\t\t\t<div class=\"elementor-widget-container\">\n\t\t\t\t\t\t\t<div class=\"elementor-spacer\">\n\t\t\t<div class=\"elementor-spacer-inner\"><\/div>\n\t\t<\/div>\n\t\t\t\t\t\t<\/div>\n\t\t\t\t<\/div>\n\t\t\t\t<div class=\"elementor-element elementor-element-6cccc44 elementor-widget elementor-widget-heading\" data-id=\"6cccc44\" data-element_type=\"widget\" data-e-type=\"widget\" data-widget_type=\"heading.default\">\n\t\t\t\t<div class=\"elementor-widget-container\">\n\t\t\t\t\t<h3 class=\"elementor-heading-title elementor-size-default\">Interviews et rencontres au format \"Long m\u00e9trage\", class\u00e9es par ordre ant\u00e9chronologique<\/h3>\t\t\t\t<\/div>\n\t\t\t\t<\/div>\n\t\t\t\t<div class=\"elementor-element elementor-element-bfa4158 elementor-widget elementor-widget-spacer\" data-id=\"bfa4158\" data-element_type=\"widget\" data-e-type=\"widget\" data-widget_type=\"spacer.default\">\n\t\t\t\t<div class=\"elementor-widget-container\">\n\t\t\t\t\t\t\t<div class=\"elementor-spacer\">\n\t\t\t<div class=\"elementor-spacer-inner\"><\/div>\n\t\t<\/div>\n\t\t\t\t\t\t<\/div>\n\t\t\t\t<\/div>\n\t\t\t\t<div class=\"elementor-element elementor-element-11ba610 elementor-widget elementor-widget-yprm_blog\" data-id=\"11ba610\" data-element_type=\"widget\" data-e-type=\"widget\" data-settings=\"{&quot;type&quot;:&quot;masonry&quot;}\" data-widget_type=\"yprm_blog.default\">\n\t\t\t\t<div class=\"elementor-widget-container\">\n\t\t\t\t\t\r\n\t\t<div class=\"blog-block elementor-block\">\r\n\t\t\t\t\t\t<div class=\"isotope row blog-type-masonry load-wrap blog-items\">\r\n        <div class=\"grid-sizer col-1\"><\/div>\r\n\t\t\t\t\r\n\t\t<article class=\"blog-item istp-item col with-image with-author category-34\">\r\n\t\t\t<div class=\"wrap\">\r\n\t\t\t\t\t\t\t\t\t<div class=\"img\">\r\n\t\t\t\t\t\t<div class=\"author-info-block\">\r\n\t\t\t<div class=\"author-info-avatar\" style=\"background-image: url(https:\/\/secure.gravatar.com\/avatar\/cdde9669894e781a2e011fbd239f910dd9c9a5b0c19e94acac9cc55247f27c3f?s=96&d=mm&r=g)\"><\/div>\r\n\t\t\t<div class=\"author-info-content\">\r\n\t\t\t\t<div class=\"name\">IMAGES ON TOURNE<\/div>\r\n\t\t\t\t\t\t<div class=\"date\">2 f\u00e9vrier 2021<\/div>\r\n\t\t\t\t\t<\/div>\r\n\t\t<\/div>\r\n\t\t\t\t\t\t<a href=\"https:\/\/imagesontourne.com\/index.php\/2021\/02\/02\/edouard-taufenbach-regis-campo-4e-edition-du-prix-swiss-life-a-4-mains\/\" data-original=\"https:\/\/imagesontourne.com\/wp-content\/uploads\/2023\/09\/Vimeo-IOT-Regis-Campo.jpg\">\r\n\t\t\t\t\t<img fetchpriority=\"high\" decoding=\"async\" width=\"1024\" height=\"576\" src=\"https:\/\/imagesontourne.com\/wp-content\/uploads\/2023\/09\/Vimeo-IOT-Regis-Campo-1024x576.jpg\" class=\"attachment-large size-large\" alt=\"Edouard Taufenbach &amp; R\u00e9gis Campo, 4e \u00e9dition du Prix Swiss Life \u00e0 4 mains\" srcset=\"https:\/\/imagesontourne.com\/wp-content\/uploads\/2023\/09\/Vimeo-IOT-Regis-Campo-1024x576.jpg 1024w, https:\/\/imagesontourne.com\/wp-content\/uploads\/2023\/09\/Vimeo-IOT-Regis-Campo-300x169.jpg 300w, https:\/\/imagesontourne.com\/wp-content\/uploads\/2023\/09\/Vimeo-IOT-Regis-Campo-768x432.jpg 768w, https:\/\/imagesontourne.com\/wp-content\/uploads\/2023\/09\/Vimeo-IOT-Regis-Campo-1536x864.jpg 1536w, https:\/\/imagesontourne.com\/wp-content\/uploads\/2023\/09\/Vimeo-IOT-Regis-Campo-70x39.jpg 70w, https:\/\/imagesontourne.com\/wp-content\/uploads\/2023\/09\/Vimeo-IOT-Regis-Campo-600x338.jpg 600w, https:\/\/imagesontourne.com\/wp-content\/uploads\/2023\/09\/Vimeo-IOT-Regis-Campo.jpg 1920w\" sizes=\"(max-width: 1024px) 100vw, 1024px\" \/>\t\t\t\t<\/a>\r\n\t\t\t<\/div>\r\n\t\t\t\t\t\t\t\t<div class=\"content\">\r\n\t\t\t\t\t\t\t\t\t\t\t\t<h5>\r\n\t\t\t<a class=\"title\" href=\"https:\/\/imagesontourne.com\/index.php\/2021\/02\/02\/edouard-taufenbach-regis-campo-4e-edition-du-prix-swiss-life-a-4-mains\/\">Edouard Taufenbach & R\u00e9gis Campo, 4e \u00e9dition du Prix Swiss Life \u00e0 4 mains<\/a>\r\n\t\t<\/h5>\r\n\t\t\t\t\t\t\t\t\t\t\t\t\t\t\t\t\t\t\t<a href=\"https:\/\/imagesontourne.com\/index.php\/2021\/02\/02\/edouard-taufenbach-regis-campo-4e-edition-du-prix-swiss-life-a-4-mains\/\" class=\"button-style2\">\r\n\t\t\tRead More\t\t<\/a>\r\n\t\t\t\t\t\t<\/div>\r\n        <div class=\"clear\"><\/div>\r\n        \t\t<div class=\"bottom\">\r\n\t\t\t\t\t\t\t<div class=\"col\">\r\n\t\t\t\t\t<a href=\"#\" class=\"zilla-likes\" id=\"zilla-likes-722\" title=\"Like this\" data-postfix=\" like\"><i class=\"multimedia-icon-heart\"><\/i> <span>1 like<\/span><\/a>\t\t\t\t<\/div>\r\n\t\t\t\t\t\t\t\t\t\t<div class=\"col\">\r\n\t\t\t\t\t<i class=\"multimedia-icon-speech-bubble-1\"><\/i>\r\n\t\t\t\t\t<a href=\"https:\/\/imagesontourne.com\/index.php\/2021\/02\/02\/edouard-taufenbach-regis-campo-4e-edition-du-prix-swiss-life-a-4-mains\/#comments\">Aucun commentaire<\/a>\r\n\t\t\t\t<\/div>\r\n\t\t\t\t\t<\/div>\r\n\t\t\t\t\t<\/div>\r\n\t\t<\/article>\r\n\t\t\r\n\t\t<article class=\"blog-item istp-item col with-image with-author category-34\">\r\n\t\t\t<div class=\"wrap\">\r\n\t\t\t\t\t\t\t\t\t<div class=\"img\">\r\n\t\t\t\t\t\t<div class=\"author-info-block\">\r\n\t\t\t<div class=\"author-info-avatar\" style=\"background-image: url(https:\/\/secure.gravatar.com\/avatar\/cdde9669894e781a2e011fbd239f910dd9c9a5b0c19e94acac9cc55247f27c3f?s=96&d=mm&r=g)\"><\/div>\r\n\t\t\t<div class=\"author-info-content\">\r\n\t\t\t\t<div class=\"name\">IMAGES ON TOURNE<\/div>\r\n\t\t\t\t\t\t<div class=\"date\">2 f\u00e9vrier 2021<\/div>\r\n\t\t\t\t\t<\/div>\r\n\t\t<\/div>\r\n\t\t\t\t\t\t<a href=\"https:\/\/imagesontourne.com\/index.php\/2021\/02\/02\/nathalie-martin-thierry-bigaignon-4e-edition-du-prix-swiss-life-a-4-mains\/\" data-original=\"https:\/\/imagesontourne.com\/wp-content\/uploads\/2023\/09\/Vimeo-IOTThierry-Bigaignon.jpg\">\r\n\t\t\t\t\t<img decoding=\"async\" width=\"1024\" height=\"576\" src=\"https:\/\/imagesontourne.com\/wp-content\/uploads\/2023\/09\/Vimeo-IOTThierry-Bigaignon-1024x576.jpg\" class=\"attachment-large size-large\" alt=\"Le Bleu du ciel enfin d\u00e9voil\u00e9 \u00e0 la Galerie Thierry Bigaignon\" srcset=\"https:\/\/imagesontourne.com\/wp-content\/uploads\/2023\/09\/Vimeo-IOTThierry-Bigaignon-1024x576.jpg 1024w, https:\/\/imagesontourne.com\/wp-content\/uploads\/2023\/09\/Vimeo-IOTThierry-Bigaignon-300x169.jpg 300w, https:\/\/imagesontourne.com\/wp-content\/uploads\/2023\/09\/Vimeo-IOTThierry-Bigaignon-768x432.jpg 768w, https:\/\/imagesontourne.com\/wp-content\/uploads\/2023\/09\/Vimeo-IOTThierry-Bigaignon-1536x864.jpg 1536w, https:\/\/imagesontourne.com\/wp-content\/uploads\/2023\/09\/Vimeo-IOTThierry-Bigaignon-70x39.jpg 70w, https:\/\/imagesontourne.com\/wp-content\/uploads\/2023\/09\/Vimeo-IOTThierry-Bigaignon-600x338.jpg 600w, https:\/\/imagesontourne.com\/wp-content\/uploads\/2023\/09\/Vimeo-IOTThierry-Bigaignon.jpg 1920w\" sizes=\"(max-width: 1024px) 100vw, 1024px\" \/>\t\t\t\t<\/a>\r\n\t\t\t<\/div>\r\n\t\t\t\t\t\t\t\t<div class=\"content\">\r\n\t\t\t\t\t\t\t\t\t\t\t\t<h5>\r\n\t\t\t<a class=\"title\" href=\"https:\/\/imagesontourne.com\/index.php\/2021\/02\/02\/nathalie-martin-thierry-bigaignon-4e-edition-du-prix-swiss-life-a-4-mains\/\">Nathalie Martin, Thierry Bigaignon, 4e \u00e9dition du Prix Swiss Life \u00e0 4 mains<\/a>\r\n\t\t<\/h5>\r\n\t\t\t\t\t\t\t\t\t\t\t\t\t\t\t\t\t\t\t<a href=\"https:\/\/imagesontourne.com\/index.php\/2021\/02\/02\/nathalie-martin-thierry-bigaignon-4e-edition-du-prix-swiss-life-a-4-mains\/\" class=\"button-style2\">\r\n\t\t\tRead More\t\t<\/a>\r\n\t\t\t\t\t\t<\/div>\r\n        <div class=\"clear\"><\/div>\r\n        \t\t<div class=\"bottom\">\r\n\t\t\t\t\t\t\t<div class=\"col\">\r\n\t\t\t\t\t<a href=\"#\" class=\"zilla-likes\" id=\"zilla-likes-705\" title=\"Like this\" data-postfix=\" like\"><i class=\"multimedia-icon-heart\"><\/i> <span>1 like<\/span><\/a>\t\t\t\t<\/div>\r\n\t\t\t\t\t\t\t\t\t\t<div class=\"col\">\r\n\t\t\t\t\t<i class=\"multimedia-icon-speech-bubble-1\"><\/i>\r\n\t\t\t\t\t<a href=\"https:\/\/imagesontourne.com\/index.php\/2021\/02\/02\/nathalie-martin-thierry-bigaignon-4e-edition-du-prix-swiss-life-a-4-mains\/#comments\">Aucun commentaire<\/a>\r\n\t\t\t\t<\/div>\r\n\t\t\t\t\t<\/div>\r\n\t\t\t\t\t<\/div>\r\n\t\t<\/article>\r\n\t\t\r\n\t\t<article class=\"blog-item istp-item col with-image with-author category-34\">\r\n\t\t\t<div class=\"wrap\">\r\n\t\t\t\t\t\t\t\t\t<div class=\"img\">\r\n\t\t\t\t\t\t<div class=\"author-info-block\">\r\n\t\t\t<div class=\"author-info-avatar\" style=\"background-image: url(https:\/\/secure.gravatar.com\/avatar\/cdde9669894e781a2e011fbd239f910dd9c9a5b0c19e94acac9cc55247f27c3f?s=96&d=mm&r=g)\"><\/div>\r\n\t\t\t<div class=\"author-info-content\">\r\n\t\t\t\t<div class=\"name\">IMAGES ON TOURNE<\/div>\r\n\t\t\t\t\t\t<div class=\"date\">15 d\u00e9cembre 2019<\/div>\r\n\t\t\t\t\t<\/div>\r\n\t\t<\/div>\r\n\t\t\t\t\t\t<a href=\"https:\/\/imagesontourne.com\/index.php\/2019\/12\/15\/helene-pouchot-editrice-photographie-aux-editions-eyrolles\/\" data-original=\"https:\/\/imagesontourne.com\/wp-content\/uploads\/2019\/12\/vignette-Vimeo-IOTHelenePouchot.jpg\">\r\n\t\t\t\t\t<img decoding=\"async\" width=\"1024\" height=\"576\" src=\"https:\/\/imagesontourne.com\/wp-content\/uploads\/2019\/12\/vignette-Vimeo-IOTHelenePouchot-1024x576.jpg\" class=\"attachment-large size-large\" alt=\"H\u00e9l\u00e8ne Pouchot\" srcset=\"https:\/\/imagesontourne.com\/wp-content\/uploads\/2019\/12\/vignette-Vimeo-IOTHelenePouchot-1024x576.jpg 1024w, https:\/\/imagesontourne.com\/wp-content\/uploads\/2019\/12\/vignette-Vimeo-IOTHelenePouchot-300x169.jpg 300w, https:\/\/imagesontourne.com\/wp-content\/uploads\/2019\/12\/vignette-Vimeo-IOTHelenePouchot-768x432.jpg 768w, https:\/\/imagesontourne.com\/wp-content\/uploads\/2019\/12\/vignette-Vimeo-IOTHelenePouchot-1536x864.jpg 1536w, https:\/\/imagesontourne.com\/wp-content\/uploads\/2019\/12\/vignette-Vimeo-IOTHelenePouchot-70x39.jpg 70w, https:\/\/imagesontourne.com\/wp-content\/uploads\/2019\/12\/vignette-Vimeo-IOTHelenePouchot-600x338.jpg 600w, https:\/\/imagesontourne.com\/wp-content\/uploads\/2019\/12\/vignette-Vimeo-IOTHelenePouchot.jpg 1920w\" sizes=\"(max-width: 1024px) 100vw, 1024px\" \/>\t\t\t\t<\/a>\r\n\t\t\t<\/div>\r\n\t\t\t\t\t\t\t\t<div class=\"content\">\r\n\t\t\t\t\t\t\t\t\t\t\t\t<h5>\r\n\t\t\t<a class=\"title\" href=\"https:\/\/imagesontourne.com\/index.php\/2019\/12\/15\/helene-pouchot-editrice-photographie-aux-editions-eyrolles\/\">h\u00e9l\u00e8ne Pouchot, \u00e9ditrice photographie aux \u00e9ditions Eyrolles<\/a>\r\n\t\t<\/h5>\r\n\t\t\t\t\t\t\t\t\t\t\t\t\t\t\t\t\t\t\t<a href=\"https:\/\/imagesontourne.com\/index.php\/2019\/12\/15\/helene-pouchot-editrice-photographie-aux-editions-eyrolles\/\" class=\"button-style2\">\r\n\t\t\tRead More\t\t<\/a>\r\n\t\t\t\t\t\t<\/div>\r\n        <div class=\"clear\"><\/div>\r\n        \t\t<div class=\"bottom\">\r\n\t\t\t\t\t\t\t<div class=\"col\">\r\n\t\t\t\t\t<a href=\"#\" class=\"zilla-likes\" id=\"zilla-likes-177\" title=\"Like this\" data-postfix=\" like\"><i class=\"multimedia-icon-heart\"><\/i> <span>1 like<\/span><\/a>\t\t\t\t<\/div>\r\n\t\t\t\t\t\t\t\t\t\t<div class=\"col\">\r\n\t\t\t\t\t<i class=\"multimedia-icon-speech-bubble-1\"><\/i>\r\n\t\t\t\t\t<a href=\"https:\/\/imagesontourne.com\/index.php\/2019\/12\/15\/helene-pouchot-editrice-photographie-aux-editions-eyrolles\/#comments\">Aucun commentaire<\/a>\r\n\t\t\t\t<\/div>\r\n\t\t\t\t\t<\/div>\r\n\t\t\t\t\t<\/div>\r\n\t\t<\/article>\r\n\t\t\r\n\t\t<article class=\"blog-item istp-item col with-image with-author category-34\">\r\n\t\t\t<div class=\"wrap\">\r\n\t\t\t\t\t\t\t\t\t<div class=\"img\">\r\n\t\t\t\t\t\t<div class=\"author-info-block\">\r\n\t\t\t<div class=\"author-info-avatar\" style=\"background-image: url(https:\/\/secure.gravatar.com\/avatar\/cdde9669894e781a2e011fbd239f910dd9c9a5b0c19e94acac9cc55247f27c3f?s=96&d=mm&r=g)\"><\/div>\r\n\t\t\t<div class=\"author-info-content\">\r\n\t\t\t\t<div class=\"name\">IMAGES ON TOURNE<\/div>\r\n\t\t\t\t\t\t<div class=\"date\">10 octobre 2019<\/div>\r\n\t\t\t\t\t<\/div>\r\n\t\t<\/div>\r\n\t\t\t\t\t\t<a href=\"https:\/\/imagesontourne.com\/index.php\/2019\/10\/10\/reza\/\" data-original=\"https:\/\/imagesontourne.com\/wp-content\/uploads\/2019\/10\/vignette-Vimeo-IOT-reza.jpg\">\r\n\t\t\t\t\t<img loading=\"lazy\" decoding=\"async\" width=\"1024\" height=\"576\" src=\"https:\/\/imagesontourne.com\/wp-content\/uploads\/2019\/10\/vignette-Vimeo-IOT-reza-1024x576.jpg\" class=\"attachment-large size-large\" alt=\"Reza\" srcset=\"https:\/\/imagesontourne.com\/wp-content\/uploads\/2019\/10\/vignette-Vimeo-IOT-reza-1024x576.jpg 1024w, https:\/\/imagesontourne.com\/wp-content\/uploads\/2019\/10\/vignette-Vimeo-IOT-reza-300x169.jpg 300w, https:\/\/imagesontourne.com\/wp-content\/uploads\/2019\/10\/vignette-Vimeo-IOT-reza-768x432.jpg 768w, https:\/\/imagesontourne.com\/wp-content\/uploads\/2019\/10\/vignette-Vimeo-IOT-reza-1536x864.jpg 1536w, https:\/\/imagesontourne.com\/wp-content\/uploads\/2019\/10\/vignette-Vimeo-IOT-reza-70x39.jpg 70w, https:\/\/imagesontourne.com\/wp-content\/uploads\/2019\/10\/vignette-Vimeo-IOT-reza-600x338.jpg 600w, https:\/\/imagesontourne.com\/wp-content\/uploads\/2019\/10\/vignette-Vimeo-IOT-reza.jpg 1920w\" sizes=\"(max-width: 1024px) 100vw, 1024px\" \/>\t\t\t\t<\/a>\r\n\t\t\t<\/div>\r\n\t\t\t\t\t\t\t\t<div class=\"content\">\r\n\t\t\t\t\t\t\t\t\t\t\t\t<h5>\r\n\t\t\t<a class=\"title\" href=\"https:\/\/imagesontourne.com\/index.php\/2019\/10\/10\/reza\/\">Reza<\/a>\r\n\t\t<\/h5>\r\n\t\t\t\t\t\t\t\t\t\t\t\t\t\t\t\t\t\t\t<a href=\"https:\/\/imagesontourne.com\/index.php\/2019\/10\/10\/reza\/\" class=\"button-style2\">\r\n\t\t\tRead More\t\t<\/a>\r\n\t\t\t\t\t\t<\/div>\r\n        <div class=\"clear\"><\/div>\r\n        \t\t<div class=\"bottom\">\r\n\t\t\t\t\t\t\t<div class=\"col\">\r\n\t\t\t\t\t<a href=\"#\" class=\"zilla-likes\" id=\"zilla-likes-213\" title=\"Like this\" data-postfix=\" like\"><i class=\"multimedia-icon-heart\"><\/i> <span>1 like<\/span><\/a>\t\t\t\t<\/div>\r\n\t\t\t\t\t\t\t\t\t\t<div class=\"col\">\r\n\t\t\t\t\t<i class=\"multimedia-icon-speech-bubble-1\"><\/i>\r\n\t\t\t\t\t<a href=\"https:\/\/imagesontourne.com\/index.php\/2019\/10\/10\/reza\/#comments\">Aucun commentaire<\/a>\r\n\t\t\t\t<\/div>\r\n\t\t\t\t\t<\/div>\r\n\t\t\t\t\t<\/div>\r\n\t\t<\/article>\r\n\t\t\r\n\t\t<article class=\"blog-item istp-item col with-image with-author category-34\">\r\n\t\t\t<div class=\"wrap\">\r\n\t\t\t\t\t\t\t\t\t<div class=\"img\">\r\n\t\t\t\t\t\t<div class=\"author-info-block\">\r\n\t\t\t<div class=\"author-info-avatar\" style=\"background-image: url(https:\/\/secure.gravatar.com\/avatar\/cdde9669894e781a2e011fbd239f910dd9c9a5b0c19e94acac9cc55247f27c3f?s=96&d=mm&r=g)\"><\/div>\r\n\t\t\t<div class=\"author-info-content\">\r\n\t\t\t\t<div class=\"name\">IMAGES ON TOURNE<\/div>\r\n\t\t\t\t\t\t<div class=\"date\">15 mai 2019<\/div>\r\n\t\t\t\t\t<\/div>\r\n\t\t<\/div>\r\n\t\t\t\t\t\t<a href=\"https:\/\/imagesontourne.com\/index.php\/2019\/05\/15\/uwe-ommer-photographe-2\/\" data-original=\"https:\/\/imagesontourne.com\/wp-content\/uploads\/2019\/05\/vignette-Vimeo-IOT-IsabeaudeRouffignac.jpg\">\r\n\t\t\t\t\t<img loading=\"lazy\" decoding=\"async\" width=\"1024\" height=\"576\" src=\"https:\/\/imagesontourne.com\/wp-content\/uploads\/2019\/05\/vignette-Vimeo-IOT-IsabeaudeRouffignac-1024x576.jpg\" class=\"attachment-large size-large\" alt=\"Isabeau de Rouffignac, des saris pour m\u00e9moire\" srcset=\"https:\/\/imagesontourne.com\/wp-content\/uploads\/2019\/05\/vignette-Vimeo-IOT-IsabeaudeRouffignac-1024x576.jpg 1024w, https:\/\/imagesontourne.com\/wp-content\/uploads\/2019\/05\/vignette-Vimeo-IOT-IsabeaudeRouffignac-300x169.jpg 300w, https:\/\/imagesontourne.com\/wp-content\/uploads\/2019\/05\/vignette-Vimeo-IOT-IsabeaudeRouffignac-768x432.jpg 768w, https:\/\/imagesontourne.com\/wp-content\/uploads\/2019\/05\/vignette-Vimeo-IOT-IsabeaudeRouffignac-1536x864.jpg 1536w, https:\/\/imagesontourne.com\/wp-content\/uploads\/2019\/05\/vignette-Vimeo-IOT-IsabeaudeRouffignac-70x39.jpg 70w, https:\/\/imagesontourne.com\/wp-content\/uploads\/2019\/05\/vignette-Vimeo-IOT-IsabeaudeRouffignac-600x338.jpg 600w, https:\/\/imagesontourne.com\/wp-content\/uploads\/2019\/05\/vignette-Vimeo-IOT-IsabeaudeRouffignac.jpg 1920w\" sizes=\"(max-width: 1024px) 100vw, 1024px\" \/>\t\t\t\t<\/a>\r\n\t\t\t<\/div>\r\n\t\t\t\t\t\t\t\t<div class=\"content\">\r\n\t\t\t\t\t\t\t\t\t\t\t\t<h5>\r\n\t\t\t<a class=\"title\" href=\"https:\/\/imagesontourne.com\/index.php\/2019\/05\/15\/uwe-ommer-photographe-2\/\">Isabeau de Rouffignac, des saris pour m\u00e9moire<\/a>\r\n\t\t<\/h5>\r\n\t\t\t\t\t\t\t\t\t\t\t\t\t\t\t\t\t\t\t<a href=\"https:\/\/imagesontourne.com\/index.php\/2019\/05\/15\/uwe-ommer-photographe-2\/\" class=\"button-style2\">\r\n\t\t\tRead More\t\t<\/a>\r\n\t\t\t\t\t\t<\/div>\r\n        <div class=\"clear\"><\/div>\r\n        \t\t<div class=\"bottom\">\r\n\t\t\t\t\t\t\t<div class=\"col\">\r\n\t\t\t\t\t<a href=\"#\" class=\"zilla-likes\" id=\"zilla-likes-192\" title=\"Like this\" data-postfix=\" like\"><i class=\"multimedia-icon-heart\"><\/i> <span>1 like<\/span><\/a>\t\t\t\t<\/div>\r\n\t\t\t\t\t\t\t\t\t\t<div class=\"col\">\r\n\t\t\t\t\t<i class=\"multimedia-icon-speech-bubble-1\"><\/i>\r\n\t\t\t\t\t<a href=\"https:\/\/imagesontourne.com\/index.php\/2019\/05\/15\/uwe-ommer-photographe-2\/#comments\">Aucun commentaire<\/a>\r\n\t\t\t\t<\/div>\r\n\t\t\t\t\t<\/div>\r\n\t\t\t\t\t<\/div>\r\n\t\t<\/article>\r\n\t\t\r\n\t\t<article class=\"blog-item istp-item col with-image with-author category-34\">\r\n\t\t\t<div class=\"wrap\">\r\n\t\t\t\t\t\t\t\t\t<div class=\"img\">\r\n\t\t\t\t\t\t<div class=\"author-info-block\">\r\n\t\t\t<div class=\"author-info-avatar\" style=\"background-image: url(https:\/\/secure.gravatar.com\/avatar\/cdde9669894e781a2e011fbd239f910dd9c9a5b0c19e94acac9cc55247f27c3f?s=96&d=mm&r=g)\"><\/div>\r\n\t\t\t<div class=\"author-info-content\">\r\n\t\t\t\t<div class=\"name\">IMAGES ON TOURNE<\/div>\r\n\t\t\t\t\t\t<div class=\"date\">20 avril 2019<\/div>\r\n\t\t\t\t\t<\/div>\r\n\t\t<\/div>\r\n\t\t\t\t\t\t<a href=\"https:\/\/imagesontourne.com\/index.php\/2019\/04\/20\/fanny-pentel-des-sens-distiller-les-memoires-100-apv-2019\/\" data-original=\"https:\/\/imagesontourne.com\/wp-content\/uploads\/2023\/07\/Vimeo-FannyPENTE.jpg\">\r\n\t\t\t\t\t<img loading=\"lazy\" decoding=\"async\" width=\"1024\" height=\"576\" src=\"https:\/\/imagesontourne.com\/wp-content\/uploads\/2023\/07\/Vimeo-FannyPENTE-1024x576.jpg\" class=\"attachment-large size-large\" alt=\"Fanny Pentel, Des sens, distiller les m\u00e9moires, 100% APV, 2019\" srcset=\"https:\/\/imagesontourne.com\/wp-content\/uploads\/2023\/07\/Vimeo-FannyPENTE-1024x576.jpg 1024w, https:\/\/imagesontourne.com\/wp-content\/uploads\/2023\/07\/Vimeo-FannyPENTE-300x169.jpg 300w, https:\/\/imagesontourne.com\/wp-content\/uploads\/2023\/07\/Vimeo-FannyPENTE-768x432.jpg 768w, https:\/\/imagesontourne.com\/wp-content\/uploads\/2023\/07\/Vimeo-FannyPENTE-1536x864.jpg 1536w, https:\/\/imagesontourne.com\/wp-content\/uploads\/2023\/07\/Vimeo-FannyPENTE-70x39.jpg 70w, https:\/\/imagesontourne.com\/wp-content\/uploads\/2023\/07\/Vimeo-FannyPENTE-600x338.jpg 600w, https:\/\/imagesontourne.com\/wp-content\/uploads\/2023\/07\/Vimeo-FannyPENTE.jpg 1920w\" sizes=\"(max-width: 1024px) 100vw, 1024px\" \/>\t\t\t\t<\/a>\r\n\t\t\t<\/div>\r\n\t\t\t\t\t\t\t\t<div class=\"content\">\r\n\t\t\t\t\t\t\t\t\t\t\t\t<h5>\r\n\t\t\t<a class=\"title\" href=\"https:\/\/imagesontourne.com\/index.php\/2019\/04\/20\/fanny-pentel-des-sens-distiller-les-memoires-100-apv-2019\/\">Fanny Pentel,  Des sens, distiller les m\u00e9moires, 100% APV, 2019<\/a>\r\n\t\t<\/h5>\r\n\t\t\t\t\t\t\t\t\t\t\t\t\t\t\t\t\t\t\t<a href=\"https:\/\/imagesontourne.com\/index.php\/2019\/04\/20\/fanny-pentel-des-sens-distiller-les-memoires-100-apv-2019\/\" class=\"button-style2\">\r\n\t\t\tRead More\t\t<\/a>\r\n\t\t\t\t\t\t<\/div>\r\n        <div class=\"clear\"><\/div>\r\n        \t\t<div class=\"bottom\">\r\n\t\t\t\t\t\t\t<div class=\"col\">\r\n\t\t\t\t\t<a href=\"#\" class=\"zilla-likes\" id=\"zilla-likes-61\" title=\"Like this\" data-postfix=\" like\"><i class=\"multimedia-icon-heart\"><\/i> <span>1 like<\/span><\/a>\t\t\t\t<\/div>\r\n\t\t\t\t\t\t\t\t\t\t<div class=\"col\">\r\n\t\t\t\t\t<i class=\"multimedia-icon-speech-bubble-1\"><\/i>\r\n\t\t\t\t\t<a href=\"https:\/\/imagesontourne.com\/index.php\/2019\/04\/20\/fanny-pentel-des-sens-distiller-les-memoires-100-apv-2019\/#comments\">Aucun commentaire<\/a>\r\n\t\t\t\t<\/div>\r\n\t\t\t\t\t<\/div>\r\n\t\t\t\t\t<\/div>\r\n\t\t<\/article>\r\n\t\t\r\n\t\t<article class=\"blog-item istp-item col with-image with-author category-34\">\r\n\t\t\t<div class=\"wrap\">\r\n\t\t\t\t\t\t\t\t\t<div class=\"img\">\r\n\t\t\t\t\t\t<div class=\"author-info-block\">\r\n\t\t\t<div class=\"author-info-avatar\" style=\"background-image: url(https:\/\/secure.gravatar.com\/avatar\/cdde9669894e781a2e011fbd239f910dd9c9a5b0c19e94acac9cc55247f27c3f?s=96&d=mm&r=g)\"><\/div>\r\n\t\t\t<div class=\"author-info-content\">\r\n\t\t\t\t<div class=\"name\">IMAGES ON TOURNE<\/div>\r\n\t\t\t\t\t\t<div class=\"date\">17 avril 2019<\/div>\r\n\t\t\t\t\t<\/div>\r\n\t\t<\/div>\r\n\t\t\t\t\t\t<a href=\"https:\/\/imagesontourne.com\/index.php\/2019\/04\/17\/a-la-rencontre-du-collectif-1-61-les-jeunes-historiens-de-lart\/\" data-original=\"https:\/\/imagesontourne.com\/wp-content\/uploads\/2023\/08\/vignette-Vimeo-IOT-Collectif1.61.jpg\">\r\n\t\t\t\t\t<img loading=\"lazy\" decoding=\"async\" width=\"1024\" height=\"576\" src=\"https:\/\/imagesontourne.com\/wp-content\/uploads\/2023\/08\/vignette-Vimeo-IOT-Collectif1.61-1024x576.jpg\" class=\"attachment-large size-large\" alt=\"A la rencontre du collectif \u00ab 1 61, les jeunes historiens de l\u2019art \u00bb\" srcset=\"https:\/\/imagesontourne.com\/wp-content\/uploads\/2023\/08\/vignette-Vimeo-IOT-Collectif1.61-1024x576.jpg 1024w, https:\/\/imagesontourne.com\/wp-content\/uploads\/2023\/08\/vignette-Vimeo-IOT-Collectif1.61-300x169.jpg 300w, https:\/\/imagesontourne.com\/wp-content\/uploads\/2023\/08\/vignette-Vimeo-IOT-Collectif1.61-768x432.jpg 768w, https:\/\/imagesontourne.com\/wp-content\/uploads\/2023\/08\/vignette-Vimeo-IOT-Collectif1.61-1536x864.jpg 1536w, https:\/\/imagesontourne.com\/wp-content\/uploads\/2023\/08\/vignette-Vimeo-IOT-Collectif1.61-70x39.jpg 70w, https:\/\/imagesontourne.com\/wp-content\/uploads\/2023\/08\/vignette-Vimeo-IOT-Collectif1.61-600x338.jpg 600w, https:\/\/imagesontourne.com\/wp-content\/uploads\/2023\/08\/vignette-Vimeo-IOT-Collectif1.61.jpg 1920w\" sizes=\"(max-width: 1024px) 100vw, 1024px\" \/>\t\t\t\t<\/a>\r\n\t\t\t<\/div>\r\n\t\t\t\t\t\t\t\t<div class=\"content\">\r\n\t\t\t\t\t\t\t\t\t\t\t\t<h5>\r\n\t\t\t<a class=\"title\" href=\"https:\/\/imagesontourne.com\/index.php\/2019\/04\/17\/a-la-rencontre-du-collectif-1-61-les-jeunes-historiens-de-lart\/\">A la rencontre du collectif \u00ab 1  61, les jeunes historiens de l\u2019art \u00bb<\/a>\r\n\t\t<\/h5>\r\n\t\t\t\t\t\t\t\t\t\t\t\t\t\t\t\t\t\t\t<a href=\"https:\/\/imagesontourne.com\/index.php\/2019\/04\/17\/a-la-rencontre-du-collectif-1-61-les-jeunes-historiens-de-lart\/\" class=\"button-style2\">\r\n\t\t\tRead More\t\t<\/a>\r\n\t\t\t\t\t\t<\/div>\r\n        <div class=\"clear\"><\/div>\r\n        \t\t<div class=\"bottom\">\r\n\t\t\t\t\t\t\t<div class=\"col\">\r\n\t\t\t\t\t<a href=\"#\" class=\"zilla-likes\" id=\"zilla-likes-414\" title=\"Like this\" data-postfix=\" like\"><i class=\"multimedia-icon-heart\"><\/i> <span>0 likes<\/span><\/a>\t\t\t\t<\/div>\r\n\t\t\t\t\t\t\t\t\t\t<div class=\"col\">\r\n\t\t\t\t\t<i class=\"multimedia-icon-speech-bubble-1\"><\/i>\r\n\t\t\t\t\t<a href=\"https:\/\/imagesontourne.com\/index.php\/2019\/04\/17\/a-la-rencontre-du-collectif-1-61-les-jeunes-historiens-de-lart\/#comments\">Aucun commentaire<\/a>\r\n\t\t\t\t<\/div>\r\n\t\t\t\t\t<\/div>\r\n\t\t\t\t\t<\/div>\r\n\t\t<\/article>\r\n\t\t\t\t\t<\/div>\r\n\t\t\t<div class=\"pagination\"><ul class='page-numbers'>\n\t<li><span aria-label=\"Page 1\" aria-current=\"page\" class=\"page-numbers current\">1<\/span><\/li>\n\t<li><a aria-label=\"Page 2\" class=\"page-numbers\" href=\"https:\/\/imagesontourne.com\/index.php\/wp-json\/wp\/v2\/pages\/232\/page\/2\/\">2<\/a><\/li>\n\t<li><a class=\"next page-numbers\" href=\"https:\/\/imagesontourne.com\/index.php\/wp-json\/wp\/v2\/pages\/232\/page\/2\/\"><i class=\"base-icon-next-1\"><\/i><\/a><\/li>\n<\/ul>\n<\/div>\t\t<\/div>\r\n\r\n    \t\t\t\t<\/div>\n\t\t\t\t<\/div>\n\t\t\t\t\t<\/div>\n\t\t\t\t<\/div>\n\t\t\t\t<\/div>\n\t\t","protected":false},"excerpt":{"rendered":"<p>Le long m\u00e9trage du moment pr\u00e9sent A l&#8217;occasion de l&#8217;ouverture du site IMAGES ON TOURNE, je souhaitais mettre en avant l&#8217;une de mes premi\u00e8res interviews, pour le magazine OPENEYE, en janvier 2019, celle du photographe Uwe Ommer, r\u00e9alis\u00e9e en terrasse \u00e0 l&#8217;Institut du Monde Arabe de Paris, autour de caf\u00e9 et de p\u00e2tisseries.\u00a0 Nous arrivons [&hellip;]<\/p>\n","protected":false},"author":1,"featured_media":241,"parent":0,"menu_order":0,"comment_status":"closed","ping_status":"closed","template":"elementor_header_footer","meta":{"_acf_changed":false,"om_disable_all_campaigns":false,"_monsterinsights_skip_tracking":false,"_monsterinsights_sitenote_active":false,"_monsterinsights_sitenote_note":"","_monsterinsights_sitenote_category":0,"_uf_show_specific_survey":0,"_uf_disable_surveys":false,"footnotes":""},"class_list":["post-232","page","type-page","status-publish","has-post-thumbnail","hentry"],"acf":[],"aioseo_notices":[],"_links":{"self":[{"href":"https:\/\/imagesontourne.com\/index.php\/wp-json\/wp\/v2\/pages\/232","targetHints":{"allow":["GET"]}}],"collection":[{"href":"https:\/\/imagesontourne.com\/index.php\/wp-json\/wp\/v2\/pages"}],"about":[{"href":"https:\/\/imagesontourne.com\/index.php\/wp-json\/wp\/v2\/types\/page"}],"author":[{"embeddable":true,"href":"https:\/\/imagesontourne.com\/index.php\/wp-json\/wp\/v2\/users\/1"}],"replies":[{"embeddable":true,"href":"https:\/\/imagesontourne.com\/index.php\/wp-json\/wp\/v2\/comments?post=232"}],"version-history":[{"count":64,"href":"https:\/\/imagesontourne.com\/index.php\/wp-json\/wp\/v2\/pages\/232\/revisions"}],"predecessor-version":[{"id":640,"href":"https:\/\/imagesontourne.com\/index.php\/wp-json\/wp\/v2\/pages\/232\/revisions\/640"}],"wp:featuredmedia":[{"embeddable":true,"href":"https:\/\/imagesontourne.com\/index.php\/wp-json\/wp\/v2\/media\/241"}],"wp:attachment":[{"href":"https:\/\/imagesontourne.com\/index.php\/wp-json\/wp\/v2\/media?parent=232"}],"curies":[{"name":"wp","href":"https:\/\/api.w.org\/{rel}","templated":true}]}}