{"id":636,"date":"2023-09-16T08:42:53","date_gmt":"2023-09-16T06:42:53","guid":{"rendered":"https:\/\/imagesontourne.com\/?page_id=636"},"modified":"2024-02-05T20:11:37","modified_gmt":"2024-02-05T19:11:37","slug":"long-metrage-2","status":"publish","type":"page","link":"https:\/\/imagesontourne.com\/index.php\/long-metrage-2\/","title":{"rendered":"Avant-premi\u00e8re"},"content":{"rendered":"\t\t<div data-elementor-type=\"wp-page\" data-elementor-id=\"636\" class=\"elementor elementor-636\">\n\t\t\t\t<div class=\"elementor-element elementor-element-60d7598 e-flex e-con-boxed e-con e-parent\" data-id=\"60d7598\" data-element_type=\"container\" data-e-type=\"container\" data-settings=\"{&quot;background_background&quot;:&quot;video&quot;}\">\n\t\t\t\t\t<div class=\"e-con-inner\">\n\t\t\t\t<div class=\"elementor-element elementor-element-7494481 elementor-widget elementor-widget-image\" data-id=\"7494481\" data-element_type=\"widget\" data-e-type=\"widget\" data-widget_type=\"image.default\">\n\t\t\t\t<div class=\"elementor-widget-container\">\n\t\t\t\t\t\t\t\t\t\t\t\t\t\t\t<img decoding=\"async\" src=\"https:\/\/imagesontourne.com\/wp-content\/uploads\/elementor\/thumbs\/Avantpremiere-elementor-IOT-qchfp23bklc6ijhavqzlraycq4nmxx940do81d4odg.jpg\" title=\"Avant premi\u00e8res cin\u00e9ma\" alt=\"Avant premi\u00e8res cin\u00e9ma\" loading=\"lazy\" \/>\t\t\t\t\t\t\t\t\t\t\t\t\t\t\t<\/div>\n\t\t\t\t<\/div>\n\t\t\t\t<div class=\"elementor-element elementor-element-0241d48 elementor-widget elementor-widget-spacer\" data-id=\"0241d48\" data-element_type=\"widget\" data-e-type=\"widget\" data-widget_type=\"spacer.default\">\n\t\t\t\t<div class=\"elementor-widget-container\">\n\t\t\t\t\t\t\t<div class=\"elementor-spacer\">\n\t\t\t<div class=\"elementor-spacer-inner\"><\/div>\n\t\t<\/div>\n\t\t\t\t\t\t<\/div>\n\t\t\t\t<\/div>\n\t\t\t\t\t<\/div>\n\t\t\t\t<\/div>\n\t\t<div class=\"elementor-element elementor-element-148d52b e-flex e-con-boxed e-con e-parent\" data-id=\"148d52b\" data-element_type=\"container\" data-e-type=\"container\" data-settings=\"{&quot;background_background&quot;:&quot;video&quot;,&quot;background_video_link&quot;:&quot;https:\\\/\\\/vimeo.com\\\/865371605?share=copy&quot;,&quot;background_video_start&quot;:0,&quot;background_video_end&quot;:30,&quot;background_play_on_mobile&quot;:&quot;yes&quot;}\">\n\t\t\t\t\t<div class=\"e-con-inner\">\n\t\t<div class=\"elementor-background-video-container\">\n\t\t\t\t\t\t\t<div class=\"elementor-background-video-embed\" role=\"presentation\"><\/div>\n\t\t\t\t\t\t<\/div>\t\t<div class=\"elementor-element elementor-element-b7178ff elementor-widget elementor-widget-heading\" data-id=\"b7178ff\" data-element_type=\"widget\" data-e-type=\"widget\" data-widget_type=\"heading.default\">\n\t\t\t\t<div class=\"elementor-widget-container\">\n\t\t\t\t\t<h2 class=\"elementor-heading-title elementor-size-default\">Le cin\u00e9ma, c'est l'enfance de l'art. Jean-Luc Godard<\/h2>\t\t\t\t<\/div>\n\t\t\t\t<\/div>\n\t\t\t\t<div class=\"elementor-element elementor-element-c180029 elementor-widget elementor-widget-text-editor\" data-id=\"c180029\" data-element_type=\"widget\" data-e-type=\"widget\" data-widget_type=\"text-editor.default\">\n\t\t\t\t<div class=\"elementor-widget-container\">\n\t\t\t\t\t\t\t\t\t<blockquote><h5>L\u2019Avant-premi\u00e8re, la rencontre entre l\u2019\u00e9quipe d\u2019un film et le public, un moment particulier de cin\u00e9ma, entre promotion et discussion.<\/h5><h4>Qu\u2019est qu\u2019une avant-premi\u00e8re r\u00e9ussie\u00a0?<\/h4><\/blockquote><p>Celle o\u00f9 le d\u00e9bat suit la projection du film, o\u00f9 l\u2019\u00e9quipe du film d\u00e9voile une partie du cheminement intellectuel et artistique de la cr\u00e9ation et de la r\u00e9alisation du film. Toutes diff\u00e9rentes, ces Avant-premi\u00e8res sont marqu\u00e9es par les personnalit\u00e9s des r\u00e9alisateurs et r\u00e9alisatrices, des acteurs et actrices pr\u00e9sents, certains tr\u00e8s \u00e0 l\u2019aise face au public, d\u2019autres visiblement angoiss\u00e9s par la r\u00e9ception du film par le public, d\u2019autres encore abordant cet exercice comme une pi\u00e8ce de th\u00e9\u00e2tre, un one ma ou woman show, sans r\u00e9el lien avec le film projet\u00e9.<\/p><blockquote><h4>Des Avant-premi\u00e8res inoubliables\u00a0?<\/h4><\/blockquote><p>Elles sont tr\u00e8s nombreuses, notamment celles vues \u00e0 l\u2019UGC Cin\u00e9 Cit\u00e9 Lille depuis 2007. Un must\u00a0? Sans nul doute, celle avec Bertrand Tavernier en 2009 pour son seul film am\u00e9ricain &#8220;Dans la brume \u00e9lectrique&#8221;. Plus d\u2019une heure trente de discussion entre un public captiv\u00e9 et Bertrand Tavernier, intarissable et v\u00e9ritablement heureux de cet \u00e9change.<\/p><p>Je suis plus mitig\u00e9 et frustr\u00e9 quand l\u2019Avant-premi\u00e8re se r\u00e9sume \u00e0 la pr\u00e9sentation de l\u2019\u00e9quipe du film avant la projection, moment court au cours duquel il est difficile \u00e0 l\u2019\u00e9quipe de d\u00e9voiler quoique ce soit du film \u00e0 venir et se contente souvent de propos promotionnels format\u00e9s.<\/p><p>Et puis il y a l\u2019Avant-premi\u00e8re o\u00f9 les questions du public sont rares et remplac\u00e9es par les acclamations, cris, vivats et les \u00ab\u00a0je vous aime\u00a0\u00bb de fans en d\u00e9lire face \u00e0 leurs stars pr\u00e9f\u00e9r\u00e9es\u00a0!<\/p><p>Que me r\u00e9serve la prochaine Avant-premi\u00e8re \u00e0 laquelle j&#8217;assisterai ? Myst\u00e8re, mais que l&#8217;\u00e9quipe se montre extravertie ou pas, l&#8217;important c\u2019est ce d\u00e9bat d\u2019apr\u00e8s film, ces 30 \u00e0 45mn de discussion autour du film, avec r\u00e9alisateur ou r\u00e9alisatrice, acteurs et actrices.<\/p><blockquote><h4>Avant-premi\u00e8res que je vous pr\u00e9sente ici en format long<\/h4><\/blockquote><p>Les Avant-premi\u00e8res que je vous pr\u00e9sente ici en format long souffrent souvent d\u2019une captation r\u00e9alis\u00e9e dans des conditions difficiles, au Smartphone, avec peu d\u2019\u00e9clairage et un audio contraint par des ph\u00e9nom\u00e8nes d\u2019\u00e9chos entre la sc\u00e8ne et les haut-parleurs de la salle. J\u2019esp\u00e8re que vous serez indulgents pour ces d\u00e9fauts qui ne sont pas tous corrigeables en post-production. Mais qu\u2019importe, ces Avant-premi\u00e8res sont des moments uniques que j\u2019ai le plaisir de partager avec vous.<\/p>\t\t\t\t\t\t\t\t<\/div>\n\t\t\t\t<\/div>\n\t\t\t\t\t<\/div>\n\t\t\t\t<\/div>\n\t\t<div class=\"elementor-element elementor-element-655d242 e-flex e-con-boxed e-con e-parent\" data-id=\"655d242\" data-element_type=\"container\" data-e-type=\"container\">\n\t\t\t\t\t<div class=\"e-con-inner\">\n\t\t\t\t<div class=\"elementor-element elementor-element-fb72d22 elementor-widget elementor-widget-video\" data-id=\"fb72d22\" data-element_type=\"widget\" data-e-type=\"widget\" data-settings=\"{&quot;video_type&quot;:&quot;vimeo&quot;}\" data-widget_type=\"video.default\">\n\t\t\t\t<div class=\"elementor-widget-container\">\n\t\t\t\t\t\t\t<div class=\"elementor-wrapper elementor-open-inline\">\n\t\t\t<iframe class=\"elementor-video-iframe\" allowfullscreen allow=\"clipboard-write\" title=\"Lecteur vid\u00e9o vimeo\" src=\"https:\/\/player.vimeo.com\/video\/880461144?color&amp;autopause=0&amp;loop=0&amp;muted=0&amp;title=1&amp;portrait=1&amp;byline=1#t=\"><\/iframe>\t\t<\/div>\n\t\t\t\t\t\t<\/div>\n\t\t\t\t<\/div>\n\t\t\t\t<div class=\"elementor-element elementor-element-4779a36 elementor-widget elementor-widget-spacer\" data-id=\"4779a36\" data-element_type=\"widget\" data-e-type=\"widget\" data-widget_type=\"spacer.default\">\n\t\t\t\t<div class=\"elementor-widget-container\">\n\t\t\t\t\t\t\t<div class=\"elementor-spacer\">\n\t\t\t<div class=\"elementor-spacer-inner\"><\/div>\n\t\t<\/div>\n\t\t\t\t\t\t<\/div>\n\t\t\t\t<\/div>\n\t\t\t\t<div class=\"elementor-element elementor-element-1311a24 elementor-widget elementor-widget-text-editor\" data-id=\"1311a24\" data-element_type=\"widget\" data-e-type=\"widget\" data-widget_type=\"text-editor.default\">\n\t\t\t\t<div class=\"elementor-widget-container\">\n\t\t\t\t\t\t\t\t\t<blockquote><h2 style=\"text-align: center;\">Je ne veux parler que de cin\u00e9ma, pourquoi parler d\u2019autre chose ? Avec le cin\u00e9ma, on parle de tout, on arrive \u00e0 tout.\u00a0<\/h2><h2 style=\"text-align: center;\">Jean-Luc Godard<\/h2><\/blockquote>\t\t\t\t\t\t\t\t<\/div>\n\t\t\t\t<\/div>\n\t\t\t\t<div class=\"elementor-element elementor-element-6cccc44 elementor-widget elementor-widget-heading\" data-id=\"6cccc44\" data-element_type=\"widget\" data-e-type=\"widget\" data-widget_type=\"heading.default\">\n\t\t\t\t<div class=\"elementor-widget-container\">\n\t\t\t\t\t<h3 class=\"elementor-heading-title elementor-size-default\">Avant-premi\u00e8res class\u00e9es par ordre ant\u00e9chronologique<\/h3>\t\t\t\t<\/div>\n\t\t\t\t<\/div>\n\t\t\t\t<div class=\"elementor-element elementor-element-bfa4158 elementor-widget elementor-widget-spacer\" data-id=\"bfa4158\" data-element_type=\"widget\" data-e-type=\"widget\" data-widget_type=\"spacer.default\">\n\t\t\t\t<div class=\"elementor-widget-container\">\n\t\t\t\t\t\t\t<div class=\"elementor-spacer\">\n\t\t\t<div class=\"elementor-spacer-inner\"><\/div>\n\t\t<\/div>\n\t\t\t\t\t\t<\/div>\n\t\t\t\t<\/div>\n\t\t\t\t<div class=\"elementor-element elementor-element-11ba610 elementor-widget elementor-widget-yprm_blog\" data-id=\"11ba610\" data-element_type=\"widget\" data-e-type=\"widget\" data-settings=\"{&quot;type&quot;:&quot;masonry&quot;}\" data-widget_type=\"yprm_blog.default\">\n\t\t\t\t<div class=\"elementor-widget-container\">\n\t\t\t\t\t\r\n\t\t<div class=\"blog-block elementor-block\">\r\n\t\t\t\t\t\t<div class=\"isotope row blog-type-masonry load-wrap blog-items\">\r\n        <div class=\"grid-sizer col-1\"><\/div>\r\n\t\t\t\t\r\n\t\t<article class=\"blog-item istp-item col with-image category-19\">\r\n\t\t\t<div class=\"wrap\">\r\n\t\t\t\t\t\t\t\t\t<div class=\"img\">\r\n\t\t\t\t\t\t\t\t<a href=\"https:\/\/imagesontourne.com\/index.php\/2024\/03\/30\/avant-premiere-la-nouvelle-femme-en-presence-de-lea-todorov-scenariste-et-realisatrice-le-metropole-ugc-lille\/\" data-original=\"https:\/\/imagesontourne.com\/wp-content\/uploads\/2024\/03\/LA-NOUVELLE-FEMME-Youtube.jpg\">\r\n\t\t\t\t\t<img fetchpriority=\"high\" decoding=\"async\" width=\"1024\" height=\"576\" src=\"https:\/\/imagesontourne.com\/wp-content\/uploads\/2024\/03\/LA-NOUVELLE-FEMME-Youtube-1024x576.jpg\" class=\"attachment-large size-large\" alt=\"Avant-premi\u00e8re &quot;La nouvelle femme&quot; de L\u00e9a Todorov\" srcset=\"https:\/\/imagesontourne.com\/wp-content\/uploads\/2024\/03\/LA-NOUVELLE-FEMME-Youtube-1024x576.jpg 1024w, https:\/\/imagesontourne.com\/wp-content\/uploads\/2024\/03\/LA-NOUVELLE-FEMME-Youtube-300x169.jpg 300w, https:\/\/imagesontourne.com\/wp-content\/uploads\/2024\/03\/LA-NOUVELLE-FEMME-Youtube-768x432.jpg 768w, https:\/\/imagesontourne.com\/wp-content\/uploads\/2024\/03\/LA-NOUVELLE-FEMME-Youtube-1536x864.jpg 1536w, https:\/\/imagesontourne.com\/wp-content\/uploads\/2024\/03\/LA-NOUVELLE-FEMME-Youtube-70x39.jpg 70w, https:\/\/imagesontourne.com\/wp-content\/uploads\/2024\/03\/LA-NOUVELLE-FEMME-Youtube-600x338.jpg 600w, https:\/\/imagesontourne.com\/wp-content\/uploads\/2024\/03\/LA-NOUVELLE-FEMME-Youtube.jpg 1920w\" sizes=\"(max-width: 1024px) 100vw, 1024px\" \/>\t\t\t\t<\/a>\r\n\t\t\t<\/div>\r\n\t\t\t\t\t\t\t\t<div class=\"content\">\r\n\t\t\t\t\t\t\t\t\t\t\t\t<h5>\r\n\t\t\t<a class=\"title\" href=\"https:\/\/imagesontourne.com\/index.php\/2024\/03\/30\/avant-premiere-la-nouvelle-femme-en-presence-de-lea-todorov-scenariste-et-realisatrice-le-metropole-ugc-lille\/\">Avant-premi\u00e8re \u00ab LA NOUVELLE FEMME\u00bb en pr\u00e9sence de L\u00e9a Todorov , sc\u00e9nariste et r\u00e9alisatrice, Le M\u00e9tropole UGC Lille\u200b<\/a>\r\n\t\t<\/h5>\r\n\t\t\t\t\t\t\t\t\t\t\t\t\t\t\t<div class=\"date\">30 mars 2024<\/div>\r\n\t\t\t\t\t\t\t\t\t\t\t\t\t\t\t\t\t\t\t<a href=\"https:\/\/imagesontourne.com\/index.php\/2024\/03\/30\/avant-premiere-la-nouvelle-femme-en-presence-de-lea-todorov-scenariste-et-realisatrice-le-metropole-ugc-lille\/\" class=\"button-style2\">\r\n\t\t\tRead More\t\t<\/a>\r\n\t\t\t\t\t\t<\/div>\r\n        <div class=\"clear\"><\/div>\r\n        \t\t<div class=\"bottom\">\r\n\t\t\t\t\t\t\t<div class=\"col\">\r\n\t\t\t\t\t<a href=\"#\" class=\"zilla-likes\" id=\"zilla-likes-1402\" title=\"Like this\" data-postfix=\" like\"><i class=\"multimedia-icon-heart\"><\/i> <span>1 like<\/span><\/a>\t\t\t\t<\/div>\r\n\t\t\t\t\t\t\t\t\t\t<div class=\"col\">\r\n\t\t\t\t\t<i class=\"multimedia-icon-speech-bubble-1\"><\/i>\r\n\t\t\t\t\t<a href=\"https:\/\/imagesontourne.com\/index.php\/2024\/03\/30\/avant-premiere-la-nouvelle-femme-en-presence-de-lea-todorov-scenariste-et-realisatrice-le-metropole-ugc-lille\/#comments\">Aucun commentaire<\/a>\r\n\t\t\t\t<\/div>\r\n\t\t\t\t\t<\/div>\r\n\t\t\t\t\t<\/div>\r\n\t\t<\/article>\r\n\t\t\r\n\t\t<article class=\"blog-item istp-item col with-image category-19\">\r\n\t\t\t<div class=\"wrap\">\r\n\t\t\t\t\t\t\t\t\t<div class=\"img\">\r\n\t\t\t\t\t\t\t\t<a href=\"https:\/\/imagesontourne.com\/index.php\/2023\/11\/05\/avant-premiere-second-tour-avec-geraldine-danon-et-alexis-michalik-ugc-cine-cite-lille-9-octobre-2023\/\" data-original=\"https:\/\/imagesontourne.com\/wp-content\/uploads\/2023\/11\/IOT-FLO.jpg\">\r\n\t\t\t\t\t<img decoding=\"async\" width=\"1024\" height=\"576\" src=\"https:\/\/imagesontourne.com\/wp-content\/uploads\/2023\/11\/IOT-FLO-1024x576.jpg\" class=\"attachment-large size-large\" alt=\"Avant-premi\u00e8re \u00ab FLO \u00bb avec G\u00e9raldine Danon et Alexis Michalik, UGC Cin\u00e9 Cit\u00e9 Lille, 9 octobre 2023\" srcset=\"https:\/\/imagesontourne.com\/wp-content\/uploads\/2023\/11\/IOT-FLO-1024x576.jpg 1024w, https:\/\/imagesontourne.com\/wp-content\/uploads\/2023\/11\/IOT-FLO-300x169.jpg 300w, https:\/\/imagesontourne.com\/wp-content\/uploads\/2023\/11\/IOT-FLO-768x432.jpg 768w, https:\/\/imagesontourne.com\/wp-content\/uploads\/2023\/11\/IOT-FLO-1536x864.jpg 1536w, https:\/\/imagesontourne.com\/wp-content\/uploads\/2023\/11\/IOT-FLO-70x39.jpg 70w, https:\/\/imagesontourne.com\/wp-content\/uploads\/2023\/11\/IOT-FLO-600x338.jpg 600w, https:\/\/imagesontourne.com\/wp-content\/uploads\/2023\/11\/IOT-FLO.jpg 1920w\" sizes=\"(max-width: 1024px) 100vw, 1024px\" \/>\t\t\t\t<\/a>\r\n\t\t\t<\/div>\r\n\t\t\t\t\t\t\t\t<div class=\"content\">\r\n\t\t\t\t\t\t\t\t\t\t\t\t<h5>\r\n\t\t\t<a class=\"title\" href=\"https:\/\/imagesontourne.com\/index.php\/2023\/11\/05\/avant-premiere-second-tour-avec-geraldine-danon-et-alexis-michalik-ugc-cine-cite-lille-9-octobre-2023\/\">Avant-premi\u00e8re \u00ab FLO \u00bb avec G\u00e9raldine Danon et Alexis Michalik, UGC Cin\u00e9 Cit\u00e9 Lille, 9 octobre 2023<\/a>\r\n\t\t<\/h5>\r\n\t\t\t\t\t\t\t\t\t\t\t\t\t\t\t<div class=\"date\">5 novembre 2023<\/div>\r\n\t\t\t\t\t\t\t\t\t\t\t\t\t\t\t\t\t\t\t<a href=\"https:\/\/imagesontourne.com\/index.php\/2023\/11\/05\/avant-premiere-second-tour-avec-geraldine-danon-et-alexis-michalik-ugc-cine-cite-lille-9-octobre-2023\/\" class=\"button-style2\">\r\n\t\t\tRead More\t\t<\/a>\r\n\t\t\t\t\t\t<\/div>\r\n        <div class=\"clear\"><\/div>\r\n        \t\t<div class=\"bottom\">\r\n\t\t\t\t\t\t\t<div class=\"col\">\r\n\t\t\t\t\t<a href=\"#\" class=\"zilla-likes\" id=\"zilla-likes-787\" title=\"Like this\" data-postfix=\" like\"><i class=\"multimedia-icon-heart\"><\/i> <span>1 like<\/span><\/a>\t\t\t\t<\/div>\r\n\t\t\t\t\t\t\t\t\t\t<div class=\"col\">\r\n\t\t\t\t\t<i class=\"multimedia-icon-speech-bubble-1\"><\/i>\r\n\t\t\t\t\t<a href=\"https:\/\/imagesontourne.com\/index.php\/2023\/11\/05\/avant-premiere-second-tour-avec-geraldine-danon-et-alexis-michalik-ugc-cine-cite-lille-9-octobre-2023\/#comments\">Aucun commentaire<\/a>\r\n\t\t\t\t<\/div>\r\n\t\t\t\t\t<\/div>\r\n\t\t\t\t\t<\/div>\r\n\t\t<\/article>\r\n\t\t\r\n\t\t<article class=\"blog-item istp-item col with-image category-19\">\r\n\t\t\t<div class=\"wrap\">\r\n\t\t\t\t\t\t\t\t\t<div class=\"img\">\r\n\t\t\t\t\t\t\t\t<a href=\"https:\/\/imagesontourne.com\/index.php\/2023\/11\/02\/avant-premiere-second-tour-avec-albert-dupontel-ugc-cine-cite-lille-22-juillet-2023\/\" data-original=\"https:\/\/imagesontourne.com\/wp-content\/uploads\/2023\/11\/iotsecond-tour.jpg\">\r\n\t\t\t\t\t<img decoding=\"async\" width=\"1024\" height=\"576\" src=\"https:\/\/imagesontourne.com\/wp-content\/uploads\/2023\/11\/iotsecond-tour-1024x576.jpg\" class=\"attachment-large size-large\" alt=\"Second Tour, film d&#039;Albert Dupontel, avant-premi\u00e8re 22 juillet 2023\" srcset=\"https:\/\/imagesontourne.com\/wp-content\/uploads\/2023\/11\/iotsecond-tour-1024x576.jpg 1024w, https:\/\/imagesontourne.com\/wp-content\/uploads\/2023\/11\/iotsecond-tour-300x169.jpg 300w, https:\/\/imagesontourne.com\/wp-content\/uploads\/2023\/11\/iotsecond-tour-768x432.jpg 768w, https:\/\/imagesontourne.com\/wp-content\/uploads\/2023\/11\/iotsecond-tour-1536x864.jpg 1536w, https:\/\/imagesontourne.com\/wp-content\/uploads\/2023\/11\/iotsecond-tour-70x39.jpg 70w, https:\/\/imagesontourne.com\/wp-content\/uploads\/2023\/11\/iotsecond-tour-600x338.jpg 600w, https:\/\/imagesontourne.com\/wp-content\/uploads\/2023\/11\/iotsecond-tour.jpg 1920w\" sizes=\"(max-width: 1024px) 100vw, 1024px\" \/>\t\t\t\t<\/a>\r\n\t\t\t<\/div>\r\n\t\t\t\t\t\t\t\t<div class=\"content\">\r\n\t\t\t\t\t\t\t\t\t\t\t\t<h5>\r\n\t\t\t<a class=\"title\" href=\"https:\/\/imagesontourne.com\/index.php\/2023\/11\/02\/avant-premiere-second-tour-avec-albert-dupontel-ugc-cine-cite-lille-22-juillet-2023\/\">Avant-premi\u00e8re \u00ab Second tour \u00bb avec Albert Dupontel, UGC Cin\u00e9 Cit\u00e9 Lille, 22 juillet 2023.<\/a>\r\n\t\t<\/h5>\r\n\t\t\t\t\t\t\t\t\t\t\t\t\t\t\t<div class=\"date\">2 novembre 2023<\/div>\r\n\t\t\t\t\t\t\t\t\t\t\t\t\t\t\t\t\t\t\t<a href=\"https:\/\/imagesontourne.com\/index.php\/2023\/11\/02\/avant-premiere-second-tour-avec-albert-dupontel-ugc-cine-cite-lille-22-juillet-2023\/\" class=\"button-style2\">\r\n\t\t\tRead More\t\t<\/a>\r\n\t\t\t\t\t\t<\/div>\r\n        <div class=\"clear\"><\/div>\r\n        \t\t<div class=\"bottom\">\r\n\t\t\t\t\t\t\t<div class=\"col\">\r\n\t\t\t\t\t<a href=\"#\" class=\"zilla-likes\" id=\"zilla-likes-761\" title=\"Like this\" data-postfix=\" like\"><i class=\"multimedia-icon-heart\"><\/i> <span>1 like<\/span><\/a>\t\t\t\t<\/div>\r\n\t\t\t\t\t\t\t\t\t\t<div class=\"col\">\r\n\t\t\t\t\t<i class=\"multimedia-icon-speech-bubble-1\"><\/i>\r\n\t\t\t\t\t<a href=\"https:\/\/imagesontourne.com\/index.php\/2023\/11\/02\/avant-premiere-second-tour-avec-albert-dupontel-ugc-cine-cite-lille-22-juillet-2023\/#comments\">Aucun commentaire<\/a>\r\n\t\t\t\t<\/div>\r\n\t\t\t\t\t<\/div>\r\n\t\t\t\t\t<\/div>\r\n\t\t<\/article>\r\n\t\t\r\n\t\t<article class=\"blog-item istp-item col with-image category-19\">\r\n\t\t\t<div class=\"wrap\">\r\n\t\t\t\t\t\t\t\t\t<div class=\"img\">\r\n\t\t\t\t\t\t\t\t<a href=\"https:\/\/imagesontourne.com\/index.php\/2023\/10\/04\/avant-premiere-le-regne-animal-avec-romain-duris-et-thomas-cailley-ugc-cine-cite-lille-25-septembre-2023\/\" data-original=\"https:\/\/imagesontourne.com\/wp-content\/uploads\/2023\/10\/IOT-le-regne-animal.jpg\">\r\n\t\t\t\t\t<img loading=\"lazy\" decoding=\"async\" width=\"1024\" height=\"576\" src=\"https:\/\/imagesontourne.com\/wp-content\/uploads\/2023\/10\/IOT-le-regne-animal-1024x576.jpg\" class=\"attachment-large size-large\" alt=\"Avant-premi\u00e8re \u00ab Le r\u00e8gne animal \u00bb, avec Romain Duris et Thomas Cailley, UGC Cin\u00e9 Cit\u00e9 Lille, 25 septembre 2023\" srcset=\"https:\/\/imagesontourne.com\/wp-content\/uploads\/2023\/10\/IOT-le-regne-animal-1024x576.jpg 1024w, https:\/\/imagesontourne.com\/wp-content\/uploads\/2023\/10\/IOT-le-regne-animal-300x169.jpg 300w, https:\/\/imagesontourne.com\/wp-content\/uploads\/2023\/10\/IOT-le-regne-animal-768x432.jpg 768w, https:\/\/imagesontourne.com\/wp-content\/uploads\/2023\/10\/IOT-le-regne-animal-1536x864.jpg 1536w, https:\/\/imagesontourne.com\/wp-content\/uploads\/2023\/10\/IOT-le-regne-animal-70x39.jpg 70w, https:\/\/imagesontourne.com\/wp-content\/uploads\/2023\/10\/IOT-le-regne-animal-600x338.jpg 600w, https:\/\/imagesontourne.com\/wp-content\/uploads\/2023\/10\/IOT-le-regne-animal.jpg 1920w\" sizes=\"(max-width: 1024px) 100vw, 1024px\" \/>\t\t\t\t<\/a>\r\n\t\t\t<\/div>\r\n\t\t\t\t\t\t\t\t<div class=\"content\">\r\n\t\t\t\t\t\t\t\t\t\t\t\t<h5>\r\n\t\t\t<a class=\"title\" href=\"https:\/\/imagesontourne.com\/index.php\/2023\/10\/04\/avant-premiere-le-regne-animal-avec-romain-duris-et-thomas-cailley-ugc-cine-cite-lille-25-septembre-2023\/\">Avant-premi\u00e8re \u00ab Le r\u00e8gne animal \u00bb, avec Romain Duris et Thomas Cailley, UGC Cin\u00e9 Cit\u00e9 Lille, 25 septembre 2023<\/a>\r\n\t\t<\/h5>\r\n\t\t\t\t\t\t\t\t\t\t\t\t\t\t\t<div class=\"date\">4 octobre 2023<\/div>\r\n\t\t\t\t\t\t\t\t\t\t\t\t\t\t\t\t\t\t\t<a href=\"https:\/\/imagesontourne.com\/index.php\/2023\/10\/04\/avant-premiere-le-regne-animal-avec-romain-duris-et-thomas-cailley-ugc-cine-cite-lille-25-septembre-2023\/\" class=\"button-style2\">\r\n\t\t\tRead More\t\t<\/a>\r\n\t\t\t\t\t\t<\/div>\r\n        <div class=\"clear\"><\/div>\r\n        \t\t<div class=\"bottom\">\r\n\t\t\t\t\t\t\t<div class=\"col\">\r\n\t\t\t\t\t<a href=\"#\" class=\"zilla-likes\" id=\"zilla-likes-744\" title=\"Like this\" data-postfix=\" like\"><i class=\"multimedia-icon-heart\"><\/i> <span>1 like<\/span><\/a>\t\t\t\t<\/div>\r\n\t\t\t\t\t\t\t\t\t\t<div class=\"col\">\r\n\t\t\t\t\t<i class=\"multimedia-icon-speech-bubble-1\"><\/i>\r\n\t\t\t\t\t<a href=\"https:\/\/imagesontourne.com\/index.php\/2023\/10\/04\/avant-premiere-le-regne-animal-avec-romain-duris-et-thomas-cailley-ugc-cine-cite-lille-25-septembre-2023\/#comments\">Aucun commentaire<\/a>\r\n\t\t\t\t<\/div>\r\n\t\t\t\t\t<\/div>\r\n\t\t\t\t\t<\/div>\r\n\t\t<\/article>\r\n\t\t\r\n\t\t<article class=\"blog-item istp-item col with-image category-19\">\r\n\t\t\t<div class=\"wrap\">\r\n\t\t\t\t\t\t\t\t\t<div class=\"img\">\r\n\t\t\t\t\t\t\t\t<a href=\"https:\/\/imagesontourne.com\/index.php\/2023\/09\/21\/avant-premiere-du-film-nouveau-depart-a-lugc-cine-cite-de-lille-11-septembre-2023\/\" data-original=\"https:\/\/imagesontourne.com\/wp-content\/uploads\/2023\/09\/nouveau-depart-feature-image.jpg\">\r\n\t\t\t\t\t<img loading=\"lazy\" decoding=\"async\" width=\"1024\" height=\"576\" src=\"https:\/\/imagesontourne.com\/wp-content\/uploads\/2023\/09\/nouveau-depart-feature-image-1024x576.jpg\" class=\"attachment-large size-large\" alt=\"Avant-premi\u00e8re du film \u00ab Nouveau d\u00e9part \u00bb, \u00e0 l\u2019UGC Cin\u00e9 Cit\u00e9 de Lille, le 11 septembre 2023\" srcset=\"https:\/\/imagesontourne.com\/wp-content\/uploads\/2023\/09\/nouveau-depart-feature-image-1024x576.jpg 1024w, https:\/\/imagesontourne.com\/wp-content\/uploads\/2023\/09\/nouveau-depart-feature-image-300x169.jpg 300w, https:\/\/imagesontourne.com\/wp-content\/uploads\/2023\/09\/nouveau-depart-feature-image-768x432.jpg 768w, https:\/\/imagesontourne.com\/wp-content\/uploads\/2023\/09\/nouveau-depart-feature-image-1536x864.jpg 1536w, https:\/\/imagesontourne.com\/wp-content\/uploads\/2023\/09\/nouveau-depart-feature-image-70x39.jpg 70w, https:\/\/imagesontourne.com\/wp-content\/uploads\/2023\/09\/nouveau-depart-feature-image-600x338.jpg 600w, https:\/\/imagesontourne.com\/wp-content\/uploads\/2023\/09\/nouveau-depart-feature-image.jpg 1920w\" sizes=\"(max-width: 1024px) 100vw, 1024px\" \/>\t\t\t\t<\/a>\r\n\t\t\t<\/div>\r\n\t\t\t\t\t\t\t\t<div class=\"content\">\r\n\t\t\t\t\t\t\t\t\t\t\t\t<h5>\r\n\t\t\t<a class=\"title\" href=\"https:\/\/imagesontourne.com\/index.php\/2023\/09\/21\/avant-premiere-du-film-nouveau-depart-a-lugc-cine-cite-de-lille-11-septembre-2023\/\">Avant-premi\u00e8re du film \u00ab Nouveau d\u00e9part \u00bb, \u00e0 l\u2019UGC Cin\u00e9 Cit\u00e9 de Lille, sortie le 27 septembre 2023<\/a>\r\n\t\t<\/h5>\r\n\t\t\t\t\t\t\t\t\t\t\t\t\t\t\t<div class=\"date\">21 septembre 2023<\/div>\r\n\t\t\t\t\t\t\t\t\t\t\t\t\t\t\t\t\t\t\t<a href=\"https:\/\/imagesontourne.com\/index.php\/2023\/09\/21\/avant-premiere-du-film-nouveau-depart-a-lugc-cine-cite-de-lille-11-septembre-2023\/\" class=\"button-style2\">\r\n\t\t\tRead More\t\t<\/a>\r\n\t\t\t\t\t\t<\/div>\r\n        <div class=\"clear\"><\/div>\r\n        \t\t<div class=\"bottom\">\r\n\t\t\t\t\t\t\t<div class=\"col\">\r\n\t\t\t\t\t<a href=\"#\" class=\"zilla-likes\" id=\"zilla-likes-685\" title=\"Like this\" data-postfix=\" like\"><i class=\"multimedia-icon-heart\"><\/i> <span>1 like<\/span><\/a>\t\t\t\t<\/div>\r\n\t\t\t\t\t\t\t\t\t\t<div class=\"col\">\r\n\t\t\t\t\t<i class=\"multimedia-icon-speech-bubble-1\"><\/i>\r\n\t\t\t\t\t<a href=\"https:\/\/imagesontourne.com\/index.php\/2023\/09\/21\/avant-premiere-du-film-nouveau-depart-a-lugc-cine-cite-de-lille-11-septembre-2023\/#comments\">Aucun commentaire<\/a>\r\n\t\t\t\t<\/div>\r\n\t\t\t\t\t<\/div>\r\n\t\t\t\t\t<\/div>\r\n\t\t<\/article>\r\n\t\t\r\n\t\t<article class=\"blog-item istp-item col with-image category-19\">\r\n\t\t\t<div class=\"wrap\">\r\n\t\t\t\t\t\t\t\t\t<div class=\"img\">\r\n\t\t\t\t\t\t\t\t<a href=\"https:\/\/imagesontourne.com\/index.php\/2023\/09\/18\/avant-premiere-dogman-avec-luc-besson-a-lugc-cine-cite-lille-13-septembre-2023\/\" data-original=\"https:\/\/imagesontourne.com\/wp-content\/uploads\/2023\/09\/Dogman-1920x1080-IOT.jpg\">\r\n\t\t\t\t\t<img loading=\"lazy\" decoding=\"async\" width=\"1024\" height=\"576\" src=\"https:\/\/imagesontourne.com\/wp-content\/uploads\/2023\/09\/Dogman-1920x1080-IOT-1024x576.jpg\" class=\"attachment-large size-large\" alt=\"Dogman, Luc Besson, Avant-premi\u00e8re 13 septembre 2023\" srcset=\"https:\/\/imagesontourne.com\/wp-content\/uploads\/2023\/09\/Dogman-1920x1080-IOT-1024x576.jpg 1024w, https:\/\/imagesontourne.com\/wp-content\/uploads\/2023\/09\/Dogman-1920x1080-IOT-300x169.jpg 300w, https:\/\/imagesontourne.com\/wp-content\/uploads\/2023\/09\/Dogman-1920x1080-IOT-768x432.jpg 768w, https:\/\/imagesontourne.com\/wp-content\/uploads\/2023\/09\/Dogman-1920x1080-IOT-1536x864.jpg 1536w, https:\/\/imagesontourne.com\/wp-content\/uploads\/2023\/09\/Dogman-1920x1080-IOT-70x39.jpg 70w, https:\/\/imagesontourne.com\/wp-content\/uploads\/2023\/09\/Dogman-1920x1080-IOT-600x338.jpg 600w, https:\/\/imagesontourne.com\/wp-content\/uploads\/2023\/09\/Dogman-1920x1080-IOT.jpg 1920w\" sizes=\"(max-width: 1024px) 100vw, 1024px\" \/>\t\t\t\t<\/a>\r\n\t\t\t<\/div>\r\n\t\t\t\t\t\t\t\t<div class=\"content\">\r\n\t\t\t\t\t\t\t\t\t\t\t\t<h5>\r\n\t\t\t<a class=\"title\" href=\"https:\/\/imagesontourne.com\/index.php\/2023\/09\/18\/avant-premiere-dogman-avec-luc-besson-a-lugc-cine-cite-lille-13-septembre-2023\/\">Avant-premi\u00e8re \u00ab Dogman \u00bb avec Luc Besson \u00e0 l\u2019UGC Cin\u00e9 Cit\u00e9 Lille, sortie le 27 septembre 2023<\/a>\r\n\t\t<\/h5>\r\n\t\t\t\t\t\t\t\t\t\t\t\t\t\t\t<div class=\"date\">18 septembre 2023<\/div>\r\n\t\t\t\t\t\t\t\t\t\t\t\t\t\t\t\t\t\t\t<a href=\"https:\/\/imagesontourne.com\/index.php\/2023\/09\/18\/avant-premiere-dogman-avec-luc-besson-a-lugc-cine-cite-lille-13-septembre-2023\/\" class=\"button-style2\">\r\n\t\t\tRead More\t\t<\/a>\r\n\t\t\t\t\t\t<\/div>\r\n        <div class=\"clear\"><\/div>\r\n        \t\t<div class=\"bottom\">\r\n\t\t\t\t\t\t\t<div class=\"col\">\r\n\t\t\t\t\t<a href=\"#\" class=\"zilla-likes\" id=\"zilla-likes-660\" title=\"Like this\" data-postfix=\" like\"><i class=\"multimedia-icon-heart\"><\/i> <span>1 like<\/span><\/a>\t\t\t\t<\/div>\r\n\t\t\t\t\t\t\t\t\t\t<div class=\"col\">\r\n\t\t\t\t\t<i class=\"multimedia-icon-speech-bubble-1\"><\/i>\r\n\t\t\t\t\t<a href=\"https:\/\/imagesontourne.com\/index.php\/2023\/09\/18\/avant-premiere-dogman-avec-luc-besson-a-lugc-cine-cite-lille-13-septembre-2023\/#comments\">Aucun commentaire<\/a>\r\n\t\t\t\t<\/div>\r\n\t\t\t\t\t<\/div>\r\n\t\t\t\t\t<\/div>\r\n\t\t<\/article>\r\n\t\t\r\n\t\t<article class=\"blog-item istp-item col with-image category-19\">\r\n\t\t\t<div class=\"wrap\">\r\n\t\t\t\t\t\t\t\t\t<div class=\"img\">\r\n\t\t\t\t\t\t\t\t<a href=\"https:\/\/imagesontourne.com\/index.php\/2023\/05\/30\/marinette-avant-premiere-ugc-cine-cite-lille-avec-marinette-pichon-et-emilie-dequenne\/\" data-original=\"https:\/\/imagesontourne.com\/wp-content\/uploads\/2023\/09\/Marinette_TJF2.jpg\">\r\n\t\t\t\t\t<img loading=\"lazy\" decoding=\"async\" width=\"1024\" height=\"429\" src=\"https:\/\/imagesontourne.com\/wp-content\/uploads\/2023\/09\/Marinette_TJF2-1024x429.jpg\" class=\"attachment-large size-large\" alt=\"Garance Marillier, \u00c9milie Dequenne\" srcset=\"https:\/\/imagesontourne.com\/wp-content\/uploads\/2023\/09\/Marinette_TJF2-1024x429.jpg 1024w, https:\/\/imagesontourne.com\/wp-content\/uploads\/2023\/09\/Marinette_TJF2-300x126.jpg 300w, https:\/\/imagesontourne.com\/wp-content\/uploads\/2023\/09\/Marinette_TJF2-768x322.jpg 768w, https:\/\/imagesontourne.com\/wp-content\/uploads\/2023\/09\/Marinette_TJF2-1536x643.jpg 1536w, https:\/\/imagesontourne.com\/wp-content\/uploads\/2023\/09\/Marinette_TJF2-70x29.jpg 70w, https:\/\/imagesontourne.com\/wp-content\/uploads\/2023\/09\/Marinette_TJF2-600x251.jpg 600w, https:\/\/imagesontourne.com\/wp-content\/uploads\/2023\/09\/Marinette_TJF2.jpg 1920w\" sizes=\"(max-width: 1024px) 100vw, 1024px\" \/>\t\t\t\t<\/a>\r\n\t\t\t<\/div>\r\n\t\t\t\t\t\t\t\t<div class=\"content\">\r\n\t\t\t\t\t\t\t\t\t\t\t\t<h5>\r\n\t\t\t<a class=\"title\" href=\"https:\/\/imagesontourne.com\/index.php\/2023\/05\/30\/marinette-avant-premiere-ugc-cine-cite-lille-avec-marinette-pichon-et-emilie-dequenne\/\">Marinette avant premiere - UGC Cin\u00e9 Cit\u00e9 Lille avec Marinette Pichon et Emilie Dequenne<\/a>\r\n\t\t<\/h5>\r\n\t\t\t\t\t\t\t\t\t\t\t\t\t\t\t<div class=\"date\">30 mai 2023<\/div>\r\n\t\t\t\t\t\t\t\t\t\t\t\t\t\t\t\t\t\t\t<a href=\"https:\/\/imagesontourne.com\/index.php\/2023\/05\/30\/marinette-avant-premiere-ugc-cine-cite-lille-avec-marinette-pichon-et-emilie-dequenne\/\" class=\"button-style2\">\r\n\t\t\tRead More\t\t<\/a>\r\n\t\t\t\t\t\t<\/div>\r\n        <div class=\"clear\"><\/div>\r\n        \t\t<div class=\"bottom\">\r\n\t\t\t\t\t\t\t<div class=\"col\">\r\n\t\t\t\t\t<a href=\"#\" class=\"zilla-likes\" id=\"zilla-likes-629\" title=\"Like this\" data-postfix=\" like\"><i class=\"multimedia-icon-heart\"><\/i> <span>1 like<\/span><\/a>\t\t\t\t<\/div>\r\n\t\t\t\t\t\t\t\t\t\t<div class=\"col\">\r\n\t\t\t\t\t<i class=\"multimedia-icon-speech-bubble-1\"><\/i>\r\n\t\t\t\t\t<a href=\"https:\/\/imagesontourne.com\/index.php\/2023\/05\/30\/marinette-avant-premiere-ugc-cine-cite-lille-avec-marinette-pichon-et-emilie-dequenne\/#comments\">Aucun commentaire<\/a>\r\n\t\t\t\t<\/div>\r\n\t\t\t\t\t<\/div>\r\n\t\t\t\t\t<\/div>\r\n\t\t<\/article>\r\n\t\t\t\t\t<\/div>\r\n\t\t\t\t\t<\/div>\r\n\r\n    \t\t\t\t<\/div>\n\t\t\t\t<\/div>\n\t\t\t\t\t<\/div>\n\t\t\t\t<\/div>\n\t\t\t\t<\/div>\n\t\t","protected":false},"excerpt":{"rendered":"<p>Le cin\u00e9ma, c&#8217;est l&#8217;enfance de l&#8217;art. Jean-Luc Godard L\u2019Avant-premi\u00e8re, la rencontre entre l\u2019\u00e9quipe d\u2019un film et le public, un moment particulier de cin\u00e9ma, entre promotion et discussion. Qu\u2019est qu\u2019une avant-premi\u00e8re r\u00e9ussie\u00a0? Celle o\u00f9 le d\u00e9bat suit la projection du film, o\u00f9 l\u2019\u00e9quipe du film d\u00e9voile une partie du cheminement intellectuel et artistique de la cr\u00e9ation [&hellip;]<\/p>\n","protected":false},"author":1,"featured_media":637,"parent":0,"menu_order":0,"comment_status":"closed","ping_status":"closed","template":"elementor_header_footer","meta":{"_acf_changed":false,"om_disable_all_campaigns":false,"_monsterinsights_skip_tracking":false,"_monsterinsights_sitenote_active":false,"_monsterinsights_sitenote_note":"","_monsterinsights_sitenote_category":0,"_uf_show_specific_survey":0,"_uf_disable_surveys":false,"footnotes":""},"class_list":["post-636","page","type-page","status-publish","has-post-thumbnail","hentry"],"acf":[],"aioseo_notices":[],"_links":{"self":[{"href":"https:\/\/imagesontourne.com\/index.php\/wp-json\/wp\/v2\/pages\/636","targetHints":{"allow":["GET"]}}],"collection":[{"href":"https:\/\/imagesontourne.com\/index.php\/wp-json\/wp\/v2\/pages"}],"about":[{"href":"https:\/\/imagesontourne.com\/index.php\/wp-json\/wp\/v2\/types\/page"}],"author":[{"embeddable":true,"href":"https:\/\/imagesontourne.com\/index.php\/wp-json\/wp\/v2\/users\/1"}],"replies":[{"embeddable":true,"href":"https:\/\/imagesontourne.com\/index.php\/wp-json\/wp\/v2\/comments?post=636"}],"version-history":[{"count":24,"href":"https:\/\/imagesontourne.com\/index.php\/wp-json\/wp\/v2\/pages\/636\/revisions"}],"predecessor-version":[{"id":1074,"href":"https:\/\/imagesontourne.com\/index.php\/wp-json\/wp\/v2\/pages\/636\/revisions\/1074"}],"wp:featuredmedia":[{"embeddable":true,"href":"https:\/\/imagesontourne.com\/index.php\/wp-json\/wp\/v2\/media\/637"}],"wp:attachment":[{"href":"https:\/\/imagesontourne.com\/index.php\/wp-json\/wp\/v2\/media?parent=636"}],"curies":[{"name":"wp","href":"https:\/\/api.w.org\/{rel}","templated":true}]}}