{"id":811,"date":"2024-02-04T12:20:49","date_gmt":"2024-02-04T11:20:49","guid":{"rendered":"https:\/\/imagesontourne.com\/?page_id=811"},"modified":"2026-03-07T10:45:24","modified_gmt":"2026-03-07T09:45:24","slug":"lille-art-up","status":"publish","type":"page","link":"https:\/\/imagesontourne.com\/index.php\/lille-art-up\/","title":{"rendered":"Lille Art Up!"},"content":{"rendered":"\t\t<div data-elementor-type=\"wp-page\" data-elementor-id=\"811\" class=\"elementor elementor-811\">\n\t\t\t\t<div class=\"elementor-element elementor-element-60d7598 e-flex e-con-boxed e-con e-parent\" data-id=\"60d7598\" data-element_type=\"container\" data-e-type=\"container\" data-settings=\"{&quot;background_background&quot;:&quot;video&quot;}\">\n\t\t\t\t\t<div class=\"e-con-inner\">\n\t\t\t\t<div class=\"elementor-element elementor-element-7494481 elementor-widget elementor-widget-image\" data-id=\"7494481\" data-element_type=\"widget\" data-e-type=\"widget\" data-widget_type=\"image.default\">\n\t\t\t\t<div class=\"elementor-widget-container\">\n\t\t\t\t\t\t\t\t\t\t\t\t\t\t\t<img decoding=\"async\" src=\"https:\/\/imagesontourne.com\/wp-content\/uploads\/elementor\/thumbs\/LilleArtUp-elementor-IOT-qjba5hs2sj7w07bwogg8ek19jwssdwf11bh0ktd4kk.jpg\" title=\"LilleArtUp-elementor-IOT\" alt=\"Lille Art Up!\" loading=\"lazy\" \/>\t\t\t\t\t\t\t\t\t\t\t\t\t\t\t<\/div>\n\t\t\t\t<\/div>\n\t\t\t\t<div class=\"elementor-element elementor-element-0241d48 elementor-widget elementor-widget-spacer\" data-id=\"0241d48\" data-element_type=\"widget\" data-e-type=\"widget\" data-widget_type=\"spacer.default\">\n\t\t\t\t<div class=\"elementor-widget-container\">\n\t\t\t\t\t\t\t<div class=\"elementor-spacer\">\n\t\t\t<div class=\"elementor-spacer-inner\"><\/div>\n\t\t<\/div>\n\t\t\t\t\t\t<\/div>\n\t\t\t\t<\/div>\n\t\t\t\t\t<\/div>\n\t\t\t\t<\/div>\n\t\t<div class=\"elementor-element elementor-element-148d52b e-flex e-con-boxed e-con e-parent\" data-id=\"148d52b\" data-element_type=\"container\" data-e-type=\"container\" data-settings=\"{&quot;background_background&quot;:&quot;video&quot;,&quot;background_video_link&quot;:&quot;https:\\\/\\\/youtu.be\\\/3z0tvjQONg8?si=78v3GNcXDRhkk99i&quot;,&quot;background_video_start&quot;:12,&quot;background_video_end&quot;:30,&quot;background_play_on_mobile&quot;:&quot;yes&quot;}\">\n\t\t\t\t\t<div class=\"e-con-inner\">\n\t\t<div class=\"elementor-background-video-container\">\n\t\t\t\t\t\t\t<div class=\"elementor-background-video-embed\" role=\"presentation\"><\/div>\n\t\t\t\t\t\t<\/div>\t\t<div class=\"elementor-element elementor-element-b7178ff elementor-widget elementor-widget-heading\" data-id=\"b7178ff\" data-element_type=\"widget\" data-e-type=\"widget\" data-widget_type=\"heading.default\">\n\t\t\t\t<div class=\"elementor-widget-container\">\n\t\t\t\t\t<h2 class=\"elementor-heading-title elementor-size-default\">Lille ART UP!  - Foire d'Art Comporain<\/h2>\t\t\t\t<\/div>\n\t\t\t\t<\/div>\n\t\t\t\t<div class=\"elementor-element elementor-element-c180029 elementor-widget__width-initial elementor-widget elementor-widget-text-editor\" data-id=\"c180029\" data-element_type=\"widget\" data-e-type=\"widget\" data-widget_type=\"text-editor.default\">\n\t\t\t\t<div class=\"elementor-widget-container\">\n\t\t\t\t\t\t\t\t\t<p data-start=\"282\" data-end=\"493\">Depuis 2019, <strong data-start=\"295\" data-end=\"315\">IMAGES ON TOURNE<\/strong> est pr\u00e9sent \u00e0 la foire d\u2019art contemporain <strong data-start=\"358\" data-end=\"375\">Lille Art Up!<\/strong>, o\u00f9 nous r\u00e9alisons chaque ann\u00e9e des interviews d\u2019artistes, de galeristes et d\u2019acteurs du monde de l\u2019art contemporain.<\/p><p data-start=\"495\" data-end=\"739\">En partenariat avec le magazine d\u2019art photographique contemporain <a href=\"https:\/\/openeyelemagazine.fr\/\"><strong data-start=\"561\" data-end=\"572\">OPENEYE<\/strong><\/a>, partenaire m\u00e9dia de Lille Art Up!, nous avons r\u00e9alis\u00e9 au fil des \u00e9ditions <strong data-start=\"648\" data-end=\"677\">des dizaines d\u2019entretiens<\/strong> avec celles et ceux qui font vivre la cr\u00e9ation contemporaine.<\/p><p data-start=\"741\" data-end=\"1035\">Photographes, sculpteurs et sculptrices, plasticiens et plasticiennes, peintres : nos interviews donnent la parole aux <strong data-start=\"860\" data-end=\"887\">cr\u00e9ateurs et cr\u00e9atrices<\/strong>, mais aussi \u00e0 celles et ceux qui accompagnent la diffusion de l\u2019art aujourd\u2019hui \u2014 galeristes, commissaires, organisateurs et partenaires culturels.<\/p><p data-start=\"1037\" data-end=\"1127\">\u00c0 travers ces rencontres film\u00e9es, <strong data-start=\"1071\" data-end=\"1091\">IMAGES ON TOURNE<\/strong> explore plusieurs axes \u00e9ditoriaux :<\/p><ul><li data-start=\"1131\" data-end=\"1214\"><strong data-start=\"1131\" data-end=\"1154\">\u00ab Elles inspirent \u00bb<\/strong>, mettant en lumi\u00e8re les artistes femmes et leurs parcours<\/li><li data-start=\"1217\" data-end=\"1303\"><strong data-start=\"1217\" data-end=\"1268\">\u00ab Le regard d\u2019aujourd\u2019hui sur la photographie \u00bb<\/strong>, en partenariat avec <strong data-start=\"1290\" data-end=\"1301\">OPENEYE<\/strong><\/li><li data-start=\"1306\" data-end=\"1393\"><strong data-start=\"1306\" data-end=\"1393\">\u00ab Les mutations du regard, de l\u2019image et des pratiques artistiques contemporaines \u00bb<\/strong><\/li><\/ul><p data-start=\"1395\" data-end=\"1552\">Depuis <strong data-start=\"1402\" data-end=\"1410\">2024<\/strong>, la cha\u00eene<a href=\"https:\/\/www.youtube.com\/@images_on_tourne\"> <strong data-start=\"1422\" data-end=\"1450\">YouTube IMAGES ON TOURNE<\/strong><\/a> conna\u00eet un nouveau d\u00e9veloppement et permet de rendre ces rencontres accessibles au plus grand nombre.<\/p><p data-start=\"1554\" data-end=\"1769\">Apr\u00e8s l\u2019interruption de l\u2019\u00e9dition 2020 en raison de la crise sanitaire et une absence en 2023, <strong data-start=\"1649\" data-end=\"1704\">IMAGES ON TOURNE est revenu \u00e0 Lille Art Up! en 2024<\/strong>, gr\u00e2ce au soutien de <strong data-start=\"1726\" data-end=\"1768\"><a href=\"https:\/\/www.nae-france.com\/\">Nord Audio \u00c9lectronique<\/a> (Groupe VINCI)<\/strong>.<\/p><p data-start=\"1771\" data-end=\"1804\">Nous remercions chaleureusement :<\/p><ul><li data-start=\"1808\" data-end=\"1939\"><strong data-start=\"1808\" data-end=\"1837\">l\u2019\u00e9quipe de <a href=\"https:\/\/lilleartup.com\/a-propos\/\">Lille Art Up!<\/a><\/strong>, sa directrice et sa directrice artistique, pour leur accueil, leur accompagnement et leur confiance,<\/li><li data-start=\"1942\" data-end=\"1988\"><a href=\"https:\/\/www.nae-france.com\/\"><strong data-start=\"1942\" data-end=\"1969\">Nord Audio \u00c9lectronique<\/strong>,<\/a> pour son soutien,<\/li><li data-start=\"1991\" data-end=\"2052\"><a href=\"https:\/\/www.fondation-vinci.com\/\"><b>VINCI ENERGIES<\/b><\/a> pour ses invitations \u00e0 la soir\u00e9e inaugurale,<\/li><li data-start=\"2055\" data-end=\"2227\">ainsi que <strong data-start=\"2065\" data-end=\"2128\">toutes les galeries, institutions, artistes et photographes<\/strong> qui ont accept\u00e9 nos interviews avec g\u00e9n\u00e9rosit\u00e9 et qui nous font confiance depuis plusieurs ann\u00e9es.<\/li><\/ul><p data-start=\"2229\" data-end=\"2382\">D\u00e9couvrez les interviews r\u00e9alis\u00e9es lors des \u00e9ditions <strong data-start=\"2282\" data-end=\"2316\">2019, 2021, 2022, 2024 et 2025<\/strong> ici sur le site et sur notre <a href=\"https:\/\/www.youtube.com\/@images_on_tourne\"><strong data-start=\"2346\" data-end=\"2381\">cha\u00eene YouTube IMAGES ON TOURNE<\/strong>.<\/a><\/p><h5>D\u00e9couvrir les interviews de l&#8217;\u00e9dition <a href=\"https:\/\/imagesontourne.com\/index.php\/lille-art-up-2019\/\">2019\u00a0<\/a><\/h5><h5>D\u00e9couvrir les interviews de l&#8217;\u00e9dition 2021<\/h5><h5>D\u00e9couvrir les <a href=\"https:\/\/imagesontourne.com\/index.php\/lille-art-up-2022\/\">interviews de l&#8217;\u00e9dition 2022<\/a><\/h5><h5><a href=\"https:\/\/imagesontourne.com\/index.php\/lille-art-up-2024\/\">D\u00e9couvrir les interviews de l&#8217;\u00e9dition 2024<\/a><\/h5><h5>D\u00e9couvrir <a href=\"https:\/\/imagesontourne.com\/index.php\/lille-art-up-2025\/\">les interviews de l&#8217;\u00e9dition 2025<\/a><\/h5>\t\t\t\t\t\t\t\t<\/div>\n\t\t\t\t<\/div>\n\t\t\t\t\t<\/div>\n\t\t\t\t<\/div>\n\t\t<div class=\"elementor-element elementor-element-655d242 e-flex e-con-boxed e-con e-parent\" data-id=\"655d242\" data-element_type=\"container\" data-e-type=\"container\">\n\t\t\t\t\t<div class=\"e-con-inner\">\n\t\t\t\t<div class=\"elementor-element elementor-element-fb72d22 elementor-widget elementor-widget-video\" data-id=\"fb72d22\" data-element_type=\"widget\" data-e-type=\"widget\" data-settings=\"{&quot;youtube_url&quot;:&quot;https:\\\/\\\/youtu.be\\\/3z0tvjQONg8?si=78v3GNcXDRhkk99i&quot;,&quot;video_type&quot;:&quot;youtube&quot;,&quot;controls&quot;:&quot;yes&quot;}\" data-widget_type=\"video.default\">\n\t\t\t\t<div class=\"elementor-widget-container\">\n\t\t\t\t\t\t\t<div class=\"elementor-wrapper elementor-open-inline\">\n\t\t\t<div class=\"elementor-video\"><\/div>\t\t<\/div>\n\t\t\t\t\t\t<\/div>\n\t\t\t\t<\/div>\n\t\t\t\t<div class=\"elementor-element elementor-element-4779a36 elementor-widget elementor-widget-spacer\" data-id=\"4779a36\" data-element_type=\"widget\" data-e-type=\"widget\" data-widget_type=\"spacer.default\">\n\t\t\t\t<div class=\"elementor-widget-container\">\n\t\t\t\t\t\t\t<div class=\"elementor-spacer\">\n\t\t\t<div class=\"elementor-spacer-inner\"><\/div>\n\t\t<\/div>\n\t\t\t\t\t\t<\/div>\n\t\t\t\t<\/div>\n\t\t\t\t<div class=\"elementor-element elementor-element-6cccc44 elementor-widget elementor-widget-heading\" data-id=\"6cccc44\" data-element_type=\"widget\" data-e-type=\"widget\" data-widget_type=\"heading.default\">\n\t\t\t\t<div class=\"elementor-widget-container\">\n\t\t\t\t\t<h3 class=\"elementor-heading-title elementor-size-default\">Interviews et rencontres Lille Art Up! 2025<\/h3>\t\t\t\t<\/div>\n\t\t\t\t<\/div>\n\t\t\t\t<div class=\"elementor-element elementor-element-bfa4158 elementor-widget elementor-widget-spacer\" data-id=\"bfa4158\" data-element_type=\"widget\" data-e-type=\"widget\" data-widget_type=\"spacer.default\">\n\t\t\t\t<div class=\"elementor-widget-container\">\n\t\t\t\t\t\t\t<div class=\"elementor-spacer\">\n\t\t\t<div class=\"elementor-spacer-inner\"><\/div>\n\t\t<\/div>\n\t\t\t\t\t\t<\/div>\n\t\t\t\t<\/div>\n\t\t\t\t<div class=\"elementor-element elementor-element-11ba610 elementor-widget elementor-widget-yprm_blog\" data-id=\"11ba610\" data-element_type=\"widget\" data-e-type=\"widget\" data-settings=\"{&quot;type&quot;:&quot;grid&quot;}\" data-widget_type=\"yprm_blog.default\">\n\t\t\t\t<div class=\"elementor-widget-container\">\n\t\t\t\t\t\r\n\t\t<div class=\"blog-block elementor-block\">\r\n\t\t\t\t\t\t<div class=\"isotope row blog-type-grid load-wrap blog-items\">\r\n        <div class=\"grid-sizer col-1\"><\/div>\r\n\t\t\t\t\r\n\t\t<article class=\"blog-item istp-item col with-image category-47\">\r\n\t\t\t<div class=\"wrap\">\r\n\t\t\t\t\t\t\t\t\t<div class=\"img\" data-original=\"https:\/\/imagesontourne.com\/wp-content\/uploads\/2024\/02\/Shuya-Zhu-Artiste_1.8.1Youtube.jpg\">\r\n\t\t\t\t\t\t\t\t<a href=\"https:\/\/imagesontourne.com\/index.php\/2024\/02\/23\/shuya-zhu-revelation-by-art-up-2024\/\" style=\"background-image: url(https:\/\/imagesontourne.com\/wp-content\/uploads\/2024\/02\/Shuya-Zhu-Artiste_1.8.1Youtube-1024x576.jpg)\"><\/a>\r\n\t\t\t<\/div>\r\n\t\t\t\t\t\t\t\t<div class=\"content\">\r\n\t\t\t\t\t\t\t\t\t\t\t\t<h5>\r\n\t\t\t<a class=\"title\" href=\"https:\/\/imagesontourne.com\/index.php\/2024\/02\/23\/shuya-zhu-revelation-by-art-up-2024\/\">Shuya Zhu, R\u00e9v\u00e9lation by Art Up ! 2024<\/a>\r\n\t\t<\/h5>\r\n\t\t\t\t\t\t\t\t\t\t\t\t\t\t\t<div class=\"date\">23 f\u00e9vrier 2024<\/div>\r\n\t\t\t\t\t\t\t\t\t\t\t\t\t\t\t\t\t\t\t<a href=\"https:\/\/imagesontourne.com\/index.php\/2024\/02\/23\/shuya-zhu-revelation-by-art-up-2024\/\" class=\"button-style2\">\r\n\t\t\tRead More\t\t<\/a>\r\n\t\t\t\t\t\t<\/div>\r\n        <div class=\"clear\"><\/div>\r\n        \t\t<div class=\"bottom\">\r\n\t\t\t\t\t\t\t<div class=\"col\">\r\n\t\t\t\t\t<a href=\"#\" class=\"zilla-likes\" id=\"zilla-likes-1364\" title=\"Like this\" data-postfix=\" like\"><i class=\"multimedia-icon-heart\"><\/i> <span>1 like<\/span><\/a>\t\t\t\t<\/div>\r\n\t\t\t\t\t\t\t\t\t\t<div class=\"col\">\r\n\t\t\t\t\t<i class=\"multimedia-icon-speech-bubble-1\"><\/i>\r\n\t\t\t\t\t<a href=\"https:\/\/imagesontourne.com\/index.php\/2024\/02\/23\/shuya-zhu-revelation-by-art-up-2024\/#comments\">Aucun commentaire<\/a>\r\n\t\t\t\t<\/div>\r\n\t\t\t\t\t<\/div>\r\n\t\t\t\t\t<\/div>\r\n\t\t<\/article>\r\n\t\t\r\n\t\t<article class=\"blog-item istp-item col with-image category-47\">\r\n\t\t\t<div class=\"wrap\">\r\n\t\t\t\t\t\t\t\t\t<div class=\"img\" data-original=\"https:\/\/imagesontourne.com\/wp-content\/uploads\/2024\/02\/Soiree-inaugurale-Lille-Art-Up-IOT-2024.jpg\">\r\n\t\t\t\t\t\t\t\t<a href=\"https:\/\/imagesontourne.com\/index.php\/2024\/02\/11\/soiree-inaugurale-lille-art-up-2024\/\" style=\"background-image: url(https:\/\/imagesontourne.com\/wp-content\/uploads\/2024\/02\/Soiree-inaugurale-Lille-Art-Up-IOT-2024-1024x576.jpg)\"><\/a>\r\n\t\t\t<\/div>\r\n\t\t\t\t\t\t\t\t<div class=\"content\">\r\n\t\t\t\t\t\t\t\t\t\t\t\t<h5>\r\n\t\t\t<a class=\"title\" href=\"https:\/\/imagesontourne.com\/index.php\/2024\/02\/11\/soiree-inaugurale-lille-art-up-2024\/\">Soir\u00e9e inaugurale - Lille Art Up! 2024<\/a>\r\n\t\t<\/h5>\r\n\t\t\t\t\t\t\t\t\t\t\t\t\t\t\t<div class=\"date\">11 f\u00e9vrier 2024<\/div>\r\n\t\t\t\t\t\t\t\t\t\t\t\t\t\t\t\t\t\t\t<a href=\"https:\/\/imagesontourne.com\/index.php\/2024\/02\/11\/soiree-inaugurale-lille-art-up-2024\/\" class=\"button-style2\">\r\n\t\t\tRead More\t\t<\/a>\r\n\t\t\t\t\t\t<\/div>\r\n        <div class=\"clear\"><\/div>\r\n        \t\t<div class=\"bottom\">\r\n\t\t\t\t\t\t\t<div class=\"col\">\r\n\t\t\t\t\t<a href=\"#\" class=\"zilla-likes\" id=\"zilla-likes-1243\" title=\"Like this\" data-postfix=\" like\"><i class=\"multimedia-icon-heart\"><\/i> <span>1 like<\/span><\/a>\t\t\t\t<\/div>\r\n\t\t\t\t\t\t\t\t\t\t<div class=\"col\">\r\n\t\t\t\t\t<i class=\"multimedia-icon-speech-bubble-1\"><\/i>\r\n\t\t\t\t\t<a href=\"https:\/\/imagesontourne.com\/index.php\/2024\/02\/11\/soiree-inaugurale-lille-art-up-2024\/#comments\">Aucun commentaire<\/a>\r\n\t\t\t\t<\/div>\r\n\t\t\t\t\t<\/div>\r\n\t\t\t\t\t<\/div>\r\n\t\t<\/article>\r\n\t\t\r\n\t\t<article class=\"blog-item istp-item col with-image category-47\">\r\n\t\t\t<div class=\"wrap\">\r\n\t\t\t\t\t\t\t\t\t<div class=\"img\" data-original=\"https:\/\/imagesontourne.com\/wp-content\/uploads\/2024\/02\/Marie-Francoise-Bouttemy.jpg\">\r\n\t\t\t\t\t\t\t\t<a href=\"https:\/\/imagesontourne.com\/index.php\/2024\/02\/11\/marie-franoise-bouttemy-lille-art-up-2024\/\" style=\"background-image: url(https:\/\/imagesontourne.com\/wp-content\/uploads\/2024\/02\/Marie-Francoise-Bouttemy-1024x576.jpg)\"><\/a>\r\n\t\t\t<\/div>\r\n\t\t\t\t\t\t\t\t<div class=\"content\">\r\n\t\t\t\t\t\t\t\t\t\t\t\t<h5>\r\n\t\t\t<a class=\"title\" href=\"https:\/\/imagesontourne.com\/index.php\/2024\/02\/11\/marie-franoise-bouttemy-lille-art-up-2024\/\">Marie Fran\u00e7oise Bouttemy, Lille Art Up! 2024<\/a>\r\n\t\t<\/h5>\r\n\t\t\t\t\t\t\t\t\t\t\t\t\t\t\t<div class=\"date\">11 f\u00e9vrier 2024<\/div>\r\n\t\t\t\t\t\t\t\t\t\t\t\t\t\t\t\t\t\t\t<a href=\"https:\/\/imagesontourne.com\/index.php\/2024\/02\/11\/marie-franoise-bouttemy-lille-art-up-2024\/\" class=\"button-style2\">\r\n\t\t\tRead More\t\t<\/a>\r\n\t\t\t\t\t\t<\/div>\r\n        <div class=\"clear\"><\/div>\r\n        \t\t<div class=\"bottom\">\r\n\t\t\t\t\t\t\t<div class=\"col\">\r\n\t\t\t\t\t<a href=\"#\" class=\"zilla-likes\" id=\"zilla-likes-1207\" title=\"Like this\" data-postfix=\" like\"><i class=\"multimedia-icon-heart\"><\/i> <span>1 like<\/span><\/a>\t\t\t\t<\/div>\r\n\t\t\t\t\t\t\t\t\t\t<div class=\"col\">\r\n\t\t\t\t\t<i class=\"multimedia-icon-speech-bubble-1\"><\/i>\r\n\t\t\t\t\t<a href=\"https:\/\/imagesontourne.com\/index.php\/2024\/02\/11\/marie-franoise-bouttemy-lille-art-up-2024\/#comments\">Aucun commentaire<\/a>\r\n\t\t\t\t<\/div>\r\n\t\t\t\t\t<\/div>\r\n\t\t\t\t\t<\/div>\r\n\t\t<\/article>\r\n\t\t\t\t\t<\/div>\r\n\t\t\t\t\t<\/div>\r\n\r\n    \t\t\t\t<\/div>\n\t\t\t\t<\/div>\n\t\t\t\t\t<\/div>\n\t\t\t\t<\/div>\n\t\t\t\t<\/div>\n\t\t","protected":false},"excerpt":{"rendered":"<p>Lille ART UP! &#8211; Foire d&#8217;Art Comporain Depuis 2019, IMAGES ON TOURNE est pr\u00e9sent \u00e0 la foire d\u2019art contemporain Lille Art Up!, o\u00f9 nous r\u00e9alisons chaque ann\u00e9e des interviews d\u2019artistes, de galeristes et d\u2019acteurs du monde de l\u2019art contemporain. En partenariat avec le magazine d\u2019art photographique contemporain OPENEYE, partenaire m\u00e9dia de Lille Art Up!, nous [&hellip;]<\/p>\n","protected":false},"author":1,"featured_media":241,"parent":0,"menu_order":0,"comment_status":"closed","ping_status":"closed","template":"elementor_header_footer","meta":{"_acf_changed":false,"om_disable_all_campaigns":false,"_monsterinsights_skip_tracking":false,"_monsterinsights_sitenote_active":false,"_monsterinsights_sitenote_note":"","_monsterinsights_sitenote_category":0,"_uf_show_specific_survey":0,"_uf_disable_surveys":false,"footnotes":""},"class_list":["post-811","page","type-page","status-publish","has-post-thumbnail","hentry"],"acf":[],"aioseo_notices":[],"_links":{"self":[{"href":"https:\/\/imagesontourne.com\/index.php\/wp-json\/wp\/v2\/pages\/811","targetHints":{"allow":["GET"]}}],"collection":[{"href":"https:\/\/imagesontourne.com\/index.php\/wp-json\/wp\/v2\/pages"}],"about":[{"href":"https:\/\/imagesontourne.com\/index.php\/wp-json\/wp\/v2\/types\/page"}],"author":[{"embeddable":true,"href":"https:\/\/imagesontourne.com\/index.php\/wp-json\/wp\/v2\/users\/1"}],"replies":[{"embeddable":true,"href":"https:\/\/imagesontourne.com\/index.php\/wp-json\/wp\/v2\/comments?post=811"}],"version-history":[{"count":39,"href":"https:\/\/imagesontourne.com\/index.php\/wp-json\/wp\/v2\/pages\/811\/revisions"}],"predecessor-version":[{"id":1467,"href":"https:\/\/imagesontourne.com\/index.php\/wp-json\/wp\/v2\/pages\/811\/revisions\/1467"}],"wp:featuredmedia":[{"embeddable":true,"href":"https:\/\/imagesontourne.com\/index.php\/wp-json\/wp\/v2\/media\/241"}],"wp:attachment":[{"href":"https:\/\/imagesontourne.com\/index.php\/wp-json\/wp\/v2\/media?parent=811"}],"curies":[{"name":"wp","href":"https:\/\/api.w.org\/{rel}","templated":true}]}}