{"id":834,"date":"2024-02-04T13:24:22","date_gmt":"2024-02-04T12:24:22","guid":{"rendered":"https:\/\/imagesontourne.com\/?page_id=834"},"modified":"2024-02-05T20:07:24","modified_gmt":"2024-02-05T19:07:24","slug":"lille-art-up-2022","status":"publish","type":"page","link":"https:\/\/imagesontourne.com\/index.php\/lille-art-up-2022\/","title":{"rendered":"Lille Art Up! 2022"},"content":{"rendered":"\t\t<div data-elementor-type=\"wp-page\" data-elementor-id=\"834\" class=\"elementor elementor-834\">\n\t\t\t\t<div class=\"elementor-element elementor-element-60d7598 e-flex e-con-boxed e-con e-parent\" data-id=\"60d7598\" data-element_type=\"container\" data-e-type=\"container\" data-settings=\"{&quot;background_background&quot;:&quot;video&quot;}\">\n\t\t\t\t\t<div class=\"e-con-inner\">\n\t\t\t\t<div class=\"elementor-element elementor-element-7494481 elementor-widget elementor-widget-image\" data-id=\"7494481\" data-element_type=\"widget\" data-e-type=\"widget\" data-widget_type=\"image.default\">\n\t\t\t\t<div class=\"elementor-widget-container\">\n\t\t\t\t\t\t\t\t\t\t\t\t\t\t\t<img decoding=\"async\" src=\"https:\/\/imagesontourne.com\/wp-content\/uploads\/elementor\/thumbs\/LilleArtUp2022-elementor-IOT-qjba5fweev5bczemzfmz9kicd521yi7kd261m9fwx0.jpg\" title=\"LilleArtUp2022-elementor-IOT\" alt=\"Lille Art Up! 2022\" loading=\"lazy\" \/>\t\t\t\t\t\t\t\t\t\t\t\t\t\t\t<\/div>\n\t\t\t\t<\/div>\n\t\t\t\t<div class=\"elementor-element elementor-element-0241d48 elementor-widget elementor-widget-spacer\" data-id=\"0241d48\" data-element_type=\"widget\" data-e-type=\"widget\" data-widget_type=\"spacer.default\">\n\t\t\t\t<div class=\"elementor-widget-container\">\n\t\t\t\t\t\t\t<div class=\"elementor-spacer\">\n\t\t\t<div class=\"elementor-spacer-inner\"><\/div>\n\t\t<\/div>\n\t\t\t\t\t\t<\/div>\n\t\t\t\t<\/div>\n\t\t\t\t\t<\/div>\n\t\t\t\t<\/div>\n\t\t<div class=\"elementor-element elementor-element-148d52b e-flex e-con-boxed e-con e-parent\" data-id=\"148d52b\" data-element_type=\"container\" data-e-type=\"container\" data-settings=\"{&quot;background_background&quot;:&quot;video&quot;,&quot;background_video_link&quot;:&quot;https:\\\/\\\/youtu.be\\\/zEQM-eWJz6I?si=jcEljA3VjagcRnIZ&quot;,&quot;background_video_start&quot;:10,&quot;background_video_end&quot;:60,&quot;background_play_on_mobile&quot;:&quot;yes&quot;}\">\n\t\t\t\t\t<div class=\"e-con-inner\">\n\t\t<div class=\"elementor-background-video-container\">\n\t\t\t\t\t\t\t<div class=\"elementor-background-video-embed\" role=\"presentation\"><\/div>\n\t\t\t\t\t\t<\/div>\t\t<div class=\"elementor-element elementor-element-8d47f54 elementor-widget elementor-widget-spacer\" data-id=\"8d47f54\" data-element_type=\"widget\" data-e-type=\"widget\" data-widget_type=\"spacer.default\">\n\t\t\t\t<div class=\"elementor-widget-container\">\n\t\t\t\t\t\t\t<div class=\"elementor-spacer\">\n\t\t\t<div class=\"elementor-spacer-inner\"><\/div>\n\t\t<\/div>\n\t\t\t\t\t\t<\/div>\n\t\t\t\t<\/div>\n\t\t\t\t<div class=\"elementor-element elementor-element-b7178ff elementor-widget elementor-widget-heading\" data-id=\"b7178ff\" data-element_type=\"widget\" data-e-type=\"widget\" data-widget_type=\"heading.default\">\n\t\t\t\t<div class=\"elementor-widget-container\">\n\t\t\t\t\t<h2 class=\"elementor-heading-title elementor-size-default\">Lille ART UP!  2022 - Foire d'Art Comporain<\/h2>\t\t\t\t<\/div>\n\t\t\t\t<\/div>\n\t\t\t\t<div class=\"elementor-element elementor-element-c180029 elementor-widget elementor-widget-text-editor\" data-id=\"c180029\" data-element_type=\"widget\" data-e-type=\"widget\" data-widget_type=\"text-editor.default\">\n\t\t\t\t<div class=\"elementor-widget-container\">\n\t\t\t\t\t\t\t\t\t<p>Lille Art Up! revient du 10 au 13 mars 2021 pour sa 14\u00e8me \u00e9dition. la foire r\u00e9unit une centaine de galeries nationales et internationales, venues \u00e0 la rencontre des 40 000 visiteurs traditionnellement accueillis sur l\u2019\u00e9v\u00e8nement.<\/p><p>Cette ann\u00e9e, la foire propose un \u00e9clairage sur la th\u00e9matique Transparences &amp; Lumi\u00e8res. Elle sera notamment interpr\u00e9t\u00e9e par la jeune garde \u00e0 travers les expositions <strong>Revelation by Lille Art Up!<\/strong> et <strong>Interface by Lille Art Up!<\/strong>,<\/p><p>Nous publions ici les interviews de Didier Vesse, Giampaolo Amoruso, Nicolas Boutruche, Marius Martinot.<\/p>\t\t\t\t\t\t\t\t<\/div>\n\t\t\t\t<\/div>\n\t\t\t\t<div class=\"elementor-element elementor-element-e72e40c elementor-widget elementor-widget-spacer\" data-id=\"e72e40c\" data-element_type=\"widget\" data-e-type=\"widget\" data-widget_type=\"spacer.default\">\n\t\t\t\t<div class=\"elementor-widget-container\">\n\t\t\t\t\t\t\t<div class=\"elementor-spacer\">\n\t\t\t<div class=\"elementor-spacer-inner\"><\/div>\n\t\t<\/div>\n\t\t\t\t\t\t<\/div>\n\t\t\t\t<\/div>\n\t\t\t\t\t<\/div>\n\t\t\t\t<\/div>\n\t\t<div class=\"elementor-element elementor-element-655d242 e-flex e-con-boxed e-con e-parent\" data-id=\"655d242\" data-element_type=\"container\" data-e-type=\"container\">\n\t\t\t\t\t<div class=\"e-con-inner\">\n\t\t\t\t<div class=\"elementor-element elementor-element-4779a36 elementor-widget elementor-widget-spacer\" data-id=\"4779a36\" data-element_type=\"widget\" data-e-type=\"widget\" data-widget_type=\"spacer.default\">\n\t\t\t\t<div class=\"elementor-widget-container\">\n\t\t\t\t\t\t\t<div class=\"elementor-spacer\">\n\t\t\t<div class=\"elementor-spacer-inner\"><\/div>\n\t\t<\/div>\n\t\t\t\t\t\t<\/div>\n\t\t\t\t<\/div>\n\t\t\t\t<div class=\"elementor-element elementor-element-6cccc44 elementor-widget elementor-widget-heading\" data-id=\"6cccc44\" data-element_type=\"widget\" data-e-type=\"widget\" data-widget_type=\"heading.default\">\n\t\t\t\t<div class=\"elementor-widget-container\">\n\t\t\t\t\t<h3 class=\"elementor-heading-title elementor-size-default\">Interviews et rencontres Lille Art Up! 2022<\/h3>\t\t\t\t<\/div>\n\t\t\t\t<\/div>\n\t\t\t\t<div class=\"elementor-element elementor-element-bfa4158 elementor-widget elementor-widget-spacer\" data-id=\"bfa4158\" data-element_type=\"widget\" data-e-type=\"widget\" data-widget_type=\"spacer.default\">\n\t\t\t\t<div class=\"elementor-widget-container\">\n\t\t\t\t\t\t\t<div class=\"elementor-spacer\">\n\t\t\t<div class=\"elementor-spacer-inner\"><\/div>\n\t\t<\/div>\n\t\t\t\t\t\t<\/div>\n\t\t\t\t<\/div>\n\t\t\t\t<div class=\"elementor-element elementor-element-11ba610 elementor-widget elementor-widget-yprm_blog\" data-id=\"11ba610\" data-element_type=\"widget\" data-e-type=\"widget\" data-settings=\"{&quot;type&quot;:&quot;grid&quot;}\" data-widget_type=\"yprm_blog.default\">\n\t\t\t\t<div class=\"elementor-widget-container\">\n\t\t\t\t\t\r\n\t\t<div class=\"blog-block elementor-block\">\r\n\t\t\t\t\t\t<div class=\"isotope row blog-type-grid load-wrap blog-items\">\r\n        <div class=\"grid-sizer col-1\"><\/div>\r\n\t\t\t\t\r\n\t\t<article class=\"blog-item istp-item col with-image category-45\">\r\n\t\t\t<div class=\"wrap\">\r\n\t\t\t\t\t\t\t\t\t<div class=\"img\" data-original=\"https:\/\/imagesontourne.com\/wp-content\/uploads\/2024\/02\/Giampaolo-Amoruso-Lille-Art-Up-IOT.jpg\">\r\n\t\t\t\t\t\t\t\t<a href=\"https:\/\/imagesontourne.com\/index.php\/2022\/03\/13\/giampaolo-amoruso-lille-art-up-2022\/\" style=\"background-image: url(https:\/\/imagesontourne.com\/wp-content\/uploads\/2024\/02\/Giampaolo-Amoruso-Lille-Art-Up-IOT-1024x576.jpg)\"><\/a>\r\n\t\t\t<\/div>\r\n\t\t\t\t\t\t\t\t<div class=\"content\">\r\n\t\t\t\t\t\t\t\t\t\t\t\t<h5>\r\n\t\t\t<a class=\"title\" href=\"https:\/\/imagesontourne.com\/index.php\/2022\/03\/13\/giampaolo-amoruso-lille-art-up-2022\/\">Giampaolo Amoruso, Lille Art Up! 2022<\/a>\r\n\t\t<\/h5>\r\n\t\t\t\t\t\t\t\t\t\t\t\t\t\t\t<div class=\"date\">13 mars 2022<\/div>\r\n\t\t\t\t\t\t\t\t\t\t\t\t\t\t\t\t\t\t\t<a href=\"https:\/\/imagesontourne.com\/index.php\/2022\/03\/13\/giampaolo-amoruso-lille-art-up-2022\/\" class=\"button-style2\">\r\n\t\t\tRead More\t\t<\/a>\r\n\t\t\t\t\t\t<\/div>\r\n        <div class=\"clear\"><\/div>\r\n        \t\t<div class=\"bottom\">\r\n\t\t\t\t\t\t\t<div class=\"col\">\r\n\t\t\t\t\t<a href=\"#\" class=\"zilla-likes\" id=\"zilla-likes-909\" title=\"Like this\" data-postfix=\" like\"><i class=\"multimedia-icon-heart\"><\/i> <span>1 like<\/span><\/a>\t\t\t\t<\/div>\r\n\t\t\t\t\t\t\t\t\t\t<div class=\"col\">\r\n\t\t\t\t\t<i class=\"multimedia-icon-speech-bubble-1\"><\/i>\r\n\t\t\t\t\t<a href=\"https:\/\/imagesontourne.com\/index.php\/2022\/03\/13\/giampaolo-amoruso-lille-art-up-2022\/#comments\">Aucun commentaire<\/a>\r\n\t\t\t\t<\/div>\r\n\t\t\t\t\t<\/div>\r\n\t\t\t\t\t<\/div>\r\n\t\t<\/article>\r\n\t\t\r\n\t\t<article class=\"blog-item istp-item col with-image category-45\">\r\n\t\t\t<div class=\"wrap\">\r\n\t\t\t\t\t\t\t\t\t<div class=\"img\" data-original=\"https:\/\/imagesontourne.com\/wp-content\/uploads\/2024\/02\/ArtUp2022_Marius-Martinot.jpg\">\r\n\t\t\t\t\t\t\t\t<a href=\"https:\/\/imagesontourne.com\/index.php\/2022\/03\/13\/marius-martinot-lille-art-up-2022\/\" style=\"background-image: url(https:\/\/imagesontourne.com\/wp-content\/uploads\/2024\/02\/ArtUp2022_Marius-Martinot-1024x576.jpg)\"><\/a>\r\n\t\t\t<\/div>\r\n\t\t\t\t\t\t\t\t<div class=\"content\">\r\n\t\t\t\t\t\t\t\t\t\t\t\t<h5>\r\n\t\t\t<a class=\"title\" href=\"https:\/\/imagesontourne.com\/index.php\/2022\/03\/13\/marius-martinot-lille-art-up-2022\/\">Marius Martinot, Lille Art Up! 2022<\/a>\r\n\t\t<\/h5>\r\n\t\t\t\t\t\t\t\t\t\t\t\t\t\t\t<div class=\"date\">13 mars 2022<\/div>\r\n\t\t\t\t\t\t\t\t\t\t\t\t\t\t\t\t\t\t\t<a href=\"https:\/\/imagesontourne.com\/index.php\/2022\/03\/13\/marius-martinot-lille-art-up-2022\/\" class=\"button-style2\">\r\n\t\t\tRead More\t\t<\/a>\r\n\t\t\t\t\t\t<\/div>\r\n        <div class=\"clear\"><\/div>\r\n        \t\t<div class=\"bottom\">\r\n\t\t\t\t\t\t\t<div class=\"col\">\r\n\t\t\t\t\t<a href=\"#\" class=\"zilla-likes\" id=\"zilla-likes-864\" title=\"Like this\" data-postfix=\" like\"><i class=\"multimedia-icon-heart\"><\/i> <span>1 like<\/span><\/a>\t\t\t\t<\/div>\r\n\t\t\t\t\t\t\t\t\t\t<div class=\"col\">\r\n\t\t\t\t\t<i class=\"multimedia-icon-speech-bubble-1\"><\/i>\r\n\t\t\t\t\t<a href=\"https:\/\/imagesontourne.com\/index.php\/2022\/03\/13\/marius-martinot-lille-art-up-2022\/#comments\">Aucun commentaire<\/a>\r\n\t\t\t\t<\/div>\r\n\t\t\t\t\t<\/div>\r\n\t\t\t\t\t<\/div>\r\n\t\t<\/article>\r\n\t\t\r\n\t\t<article class=\"blog-item istp-item col with-image category-45\">\r\n\t\t\t<div class=\"wrap\">\r\n\t\t\t\t\t\t\t\t\t<div class=\"img\" data-original=\"https:\/\/imagesontourne.com\/wp-content\/uploads\/2024\/02\/ArtUp2022_Nicolas-Boutruche.jpg\">\r\n\t\t\t\t\t\t\t\t<a href=\"https:\/\/imagesontourne.com\/index.php\/2022\/03\/13\/nicolas-boutruche-et-veronique-adrai-lille-art-up-2022\/\" style=\"background-image: url(https:\/\/imagesontourne.com\/wp-content\/uploads\/2024\/02\/ArtUp2022_Nicolas-Boutruche-1024x576.jpg)\"><\/a>\r\n\t\t\t<\/div>\r\n\t\t\t\t\t\t\t\t<div class=\"content\">\r\n\t\t\t\t\t\t\t\t\t\t\t\t<h5>\r\n\t\t\t<a class=\"title\" href=\"https:\/\/imagesontourne.com\/index.php\/2022\/03\/13\/nicolas-boutruche-et-veronique-adrai-lille-art-up-2022\/\">Nicolas Boutruche et V\u00e9ronique Adra\u00ef, Lille Art Up! 2022<\/a>\r\n\t\t<\/h5>\r\n\t\t\t\t\t\t\t\t\t\t\t\t\t\t\t<div class=\"date\">13 mars 2022<\/div>\r\n\t\t\t\t\t\t\t\t\t\t\t\t\t\t\t\t\t\t\t<a href=\"https:\/\/imagesontourne.com\/index.php\/2022\/03\/13\/nicolas-boutruche-et-veronique-adrai-lille-art-up-2022\/\" class=\"button-style2\">\r\n\t\t\tRead More\t\t<\/a>\r\n\t\t\t\t\t\t<\/div>\r\n        <div class=\"clear\"><\/div>\r\n        \t\t<div class=\"bottom\">\r\n\t\t\t\t\t\t\t<div class=\"col\">\r\n\t\t\t\t\t<a href=\"#\" class=\"zilla-likes\" id=\"zilla-likes-884\" title=\"Like this\" data-postfix=\" like\"><i class=\"multimedia-icon-heart\"><\/i> <span>1 like<\/span><\/a>\t\t\t\t<\/div>\r\n\t\t\t\t\t\t\t\t\t\t<div class=\"col\">\r\n\t\t\t\t\t<i class=\"multimedia-icon-speech-bubble-1\"><\/i>\r\n\t\t\t\t\t<a href=\"https:\/\/imagesontourne.com\/index.php\/2022\/03\/13\/nicolas-boutruche-et-veronique-adrai-lille-art-up-2022\/#comments\">Aucun commentaire<\/a>\r\n\t\t\t\t<\/div>\r\n\t\t\t\t\t<\/div>\r\n\t\t\t\t\t<\/div>\r\n\t\t<\/article>\r\n\t\t\t\t\t<\/div>\r\n\t\t\t<div class=\"pagination\"><ul class='page-numbers'>\n\t<li><span aria-label=\"Page 1\" aria-current=\"page\" class=\"page-numbers current\">1<\/span><\/li>\n\t<li><a aria-label=\"Page 2\" class=\"page-numbers\" href=\"https:\/\/imagesontourne.com\/index.php\/wp-json\/wp\/v2\/pages\/834\/page\/2\/\">2<\/a><\/li>\n\t<li><a class=\"next page-numbers\" href=\"https:\/\/imagesontourne.com\/index.php\/wp-json\/wp\/v2\/pages\/834\/page\/2\/\"><i class=\"base-icon-next-1\"><\/i><\/a><\/li>\n<\/ul>\n<\/div>\t\t<\/div>\r\n\r\n    \t\t\t\t<\/div>\n\t\t\t\t<\/div>\n\t\t\t\t\t<\/div>\n\t\t\t\t<\/div>\n\t\t\t\t<\/div>\n\t\t","protected":false},"excerpt":{"rendered":"<p>Lille ART UP! 2022 &#8211; Foire d&#8217;Art Comporain Lille Art Up! revient du 10 au 13 mars 2021 pour sa 14\u00e8me \u00e9dition. la foire r\u00e9unit une centaine de galeries nationales et internationales, venues \u00e0 la rencontre des 40 000 visiteurs traditionnellement accueillis sur l\u2019\u00e9v\u00e8nement. Cette ann\u00e9e, la foire propose un \u00e9clairage sur la th\u00e9matique Transparences [&hellip;]<\/p>\n","protected":false},"author":1,"featured_media":825,"parent":0,"menu_order":0,"comment_status":"open","ping_status":"closed","template":"elementor_header_footer","meta":{"_acf_changed":false,"om_disable_all_campaigns":false,"_monsterinsights_skip_tracking":false,"_monsterinsights_sitenote_active":false,"_monsterinsights_sitenote_note":"","_monsterinsights_sitenote_category":0,"_uf_show_specific_survey":0,"_uf_disable_surveys":false,"footnotes":""},"class_list":["post-834","page","type-page","status-publish","has-post-thumbnail","hentry"],"acf":[],"aioseo_notices":[],"_links":{"self":[{"href":"https:\/\/imagesontourne.com\/index.php\/wp-json\/wp\/v2\/pages\/834","targetHints":{"allow":["GET"]}}],"collection":[{"href":"https:\/\/imagesontourne.com\/index.php\/wp-json\/wp\/v2\/pages"}],"about":[{"href":"https:\/\/imagesontourne.com\/index.php\/wp-json\/wp\/v2\/types\/page"}],"author":[{"embeddable":true,"href":"https:\/\/imagesontourne.com\/index.php\/wp-json\/wp\/v2\/users\/1"}],"replies":[{"embeddable":true,"href":"https:\/\/imagesontourne.com\/index.php\/wp-json\/wp\/v2\/comments?post=834"}],"version-history":[{"count":28,"href":"https:\/\/imagesontourne.com\/index.php\/wp-json\/wp\/v2\/pages\/834\/revisions"}],"predecessor-version":[{"id":1068,"href":"https:\/\/imagesontourne.com\/index.php\/wp-json\/wp\/v2\/pages\/834\/revisions\/1068"}],"wp:featuredmedia":[{"embeddable":true,"href":"https:\/\/imagesontourne.com\/index.php\/wp-json\/wp\/v2\/media\/825"}],"wp:attachment":[{"href":"https:\/\/imagesontourne.com\/index.php\/wp-json\/wp\/v2\/media?parent=834"}],"curies":[{"name":"wp","href":"https:\/\/api.w.org\/{rel}","templated":true}]}}